{"id":196,"date":"2024-09-03T18:10:58","date_gmt":"2024-09-03T18:10:58","guid":{"rendered":"https:\/\/keepcompany.design-impacts.com\/?page_id=196"},"modified":"2025-03-20T09:42:57","modified_gmt":"2025-03-20T09:42:57","slug":"calendar","status":"publish","type":"page","link":"https:\/\/www.keepcompany.fr\/fr\/calendar\/","title":{"rendered":"Calendrier"},"content":{"rendered":"<div data-elementor-type=\"wp-page\" data-elementor-id=\"196\" class=\"elementor elementor-196\">\n\t\t\t\t<div class=\"elementor-element elementor-element-85c94aa e-flex e-con-boxed wpr-particle-no wpr-jarallax-no wpr-parallax-no wpr-sticky-section-no e-con e-parent\" data-id=\"85c94aa\" data-element_type=\"container\" data-settings=\"{&quot;background_background&quot;:&quot;classic&quot;}\">\n\t\t\t\t\t<div class=\"e-con-inner\">\n\t\t\t\t<div class=\"elementor-element elementor-element-6e66377 elementor-widget__width-initial elementor-widget elementor-widget-heading\" data-id=\"6e66377\" data-element_type=\"widget\" data-widget_type=\"heading.default\">\n\t\t\t\t<div class=\"elementor-widget-container\">\n\t\t\t<h1 class=\"elementor-heading-title elementor-size-default\">On jongle avec les dates tout au long de l'ann\u00e9e\u00a0!<\/h1>\t\t<\/div>\n\t\t\t\t<\/div>\n\t\t\t\t<div class=\"elementor-element elementor-element-77930d0 elementor-widget__width-initial elementor-widget-mobile__width-initial popmake-312 popmake-313 elementor-widget elementor-widget-button\" data-id=\"77930d0\" data-element_type=\"widget\" data-widget_type=\"button.default\">\n\t\t\t\t<div class=\"elementor-widget-container\">\n\t\t\t\t\t<div class=\"elementor-button-wrapper\">\n\t\t\t<a class=\"elementor-button elementor-button-link elementor-size-sm\" href=\"#\">\n\t\t\t\t\t\t<span class=\"elementor-button-content-wrapper\">\n\t\t\t\t\t\t\t\t\t<span class=\"elementor-button-text\">Contactez-nous !<\/span>\n\t\t\t\t\t<\/span>\n\t\t\t\t\t<\/a>\n\t\t<\/div>\n\t\t\t\t<\/div>\n\t\t\t\t<\/div>\n\t\t\t\t\t<\/div>\n\t\t\t\t<\/div>\n\t\t<div class=\"elementor-element elementor-element-4da9976 e-con-full e-flex wpr-particle-no wpr-jarallax-no wpr-parallax-no wpr-sticky-section-no e-con e-parent\" data-id=\"4da9976\" data-element_type=\"container\" data-settings=\"{&quot;background_background&quot;:&quot;classic&quot;}\">\n\t\t\t\t<\/div>\n\t\t<div class=\"elementor-element elementor-element-5a57ab7 e-flex e-con-boxed wpr-particle-no wpr-jarallax-no wpr-parallax-no wpr-sticky-section-no e-con e-parent\" data-id=\"5a57ab7\" data-element_type=\"container\">\n\t\t\t\t\t<div class=\"e-con-inner\">\n\t\t\t\t\t<\/div>\n\t\t\t\t<\/div>\n\t\t<div class=\"elementor-element elementor-element-8f330b3 e-flex e-con-boxed wpr-particle-no wpr-jarallax-no wpr-parallax-no wpr-sticky-section-no e-con e-parent\" data-id=\"8f330b3\" data-element_type=\"container\" data-settings=\"{&quot;background_background&quot;:&quot;classic&quot;}\">\n\t\t\t\t\t<div class=\"e-con-inner\">\n\t\t\t\t<div class=\"elementor-element elementor-element-8624a8b elementor-widget__width-initial elementor-widget elementor-widget-heading\" data-id=\"8624a8b\" data-element_type=\"widget\" data-no-translation=\"\" data-widget_type=\"heading.default\">\n\t\t\t\t<div class=\"elementor-widget-container\">\n\t\t\t<style>.elementor-element-8624a8b{display:none !important}<\/style>\t\t<\/div>\n\t\t\t\t<\/div>\n\t\t\t\t<div class=\"elementor-element elementor-element-83c7dcc elementor-widget__width-initial elementor-widget elementor-widget-heading\" data-id=\"83c7dcc\" data-element_type=\"widget\" data-no-translation=\"\" data-widget_type=\"heading.default\">\n\t\t\t\t<div class=\"elementor-widget-container\">\n\t\t\t<h1 class=\"elementor-heading-title elementor-size-default\">Nous retrouver en 2026<\/h1>\t\t<\/div>\n\t\t\t\t<\/div>\n\t\t<div class=\"elementor-element elementor-element-e7c2e8d e-con-full e-flex wpr-particle-no wpr-jarallax-no wpr-parallax-no wpr-sticky-section-no e-con e-child\" data-id=\"e7c2e8d\" data-element_type=\"container\">\n\t\t<div class=\"elementor-element elementor-element-5172d46 e-con-full e-flex wpr-particle-no wpr-jarallax-no wpr-parallax-no wpr-sticky-section-no e-con e-child\" data-id=\"5172d46\" data-element_type=\"container\">\n\t\t<div class=\"elementor-element elementor-element-ea7518b e-con-full e-flex wpr-particle-no wpr-jarallax-no wpr-parallax-no wpr-sticky-section-no e-con e-child\" data-id=\"ea7518b\" data-element_type=\"container\">\n\t\t<div class=\"elementor-element elementor-element-7cc8318 e-con-full e-flex wpr-particle-no wpr-jarallax-no wpr-parallax-no wpr-sticky-section-no e-con e-child\" data-id=\"7cc8318\" data-element_type=\"container\">\n\t\t\t\t<div class=\"elementor-element elementor-element-e5a17c1 elementor-widget elementor-widget-the-events-calendar-addon\" data-id=\"e5a17c1\" data-element_type=\"widget\" data-widget_type=\"the-events-calendar-addon.default\">\n\t\t\t\t<div class=\"elementor-widget-container\">\n\t\t\t<!=========Events list Template 1.6.11=========><script type=\"application\/ld+json\">\r\n[{\"@context\":\"http:\/\/schema.org\",\"@type\":\"Event\",\"name\":\"La Gare \\u00e0 Coulisses (26) \\ud83c\\uddeb\\ud83c\\uddf7 &#8211; \\u00catre un jardin, parcours artistique en milieu scolaire\",\"description\":\"\",\"url\":\"https:\/\/www.keepcompany.fr\/fr\/event\/la-gare-a-coulisses-26-%f0%9f%87%ab%f0%9f%87%b7-etre-un-jardin-parcours-artistique-en-milieu-scolaire\/\",\"eventAttendanceMode\":\"https:\/\/schema.org\/OfflineEventAttendanceMode\",\"eventStatus\":\"https:\/\/schema.org\/EventScheduled\",\"startDate\":\"2026-04-30T08:00:00+00:00\",\"endDate\":\"2026-05-03T17:00:00+00:00\",\"performer\":\"Organization\"},{\"@context\":\"http:\/\/schema.org\",\"@type\":\"Event\",\"name\":\"Le FIP, Rabastens (83)\\ud83c\\uddeb\\ud83c\\uddf7 &#8211; Underfoot\",\"description\":\"\",\"url\":\"https:\/\/www.keepcompany.fr\/fr\/event\/le-fip-rabastens-83%f0%9f%87%ab%f0%9f%87%b7-underfoot\/\",\"eventAttendanceMode\":\"https:\/\/schema.org\/OfflineEventAttendanceMode\",\"eventStatus\":\"https:\/\/schema.org\/EventScheduled\",\"startDate\":\"2026-05-23T00:00:00+00:00\",\"endDate\":\"2026-05-23T23:59:59+00:00\",\"performer\":\"Organization\"},{\"@context\":\"http:\/\/schema.org\",\"@type\":\"Event\",\"name\":\"La Gare des Rami\\u00e8res, avec La Gare \\u00e0 Coulisses (26) \\ud83c\\uddeb\\ud83c\\uddf7 &#8211; Compost\",\"description\":\"\",\"url\":\"https:\/\/www.keepcompany.fr\/fr\/event\/la-gare-des-ramieres-avec-la-gare-a-coulisses-26-%f0%9f%87%ab%f0%9f%87%b7-compost\/\",\"eventAttendanceMode\":\"https:\/\/schema.org\/OfflineEventAttendanceMode\",\"eventStatus\":\"https:\/\/schema.org\/EventScheduled\",\"startDate\":\"2026-06-05T08:00:00+00:00\",\"endDate\":\"2026-06-07T17:00:00+00:00\",\"performer\":\"Organization\"},{\"@context\":\"http:\/\/schema.org\",\"@type\":\"Event\",\"name\":\"Parc naturel r\\u00e9gional des Monts d&#8217;Ard\\u00e8che, avec le Partage des eaux (07) \\ud83c\\uddeb\\ud83c\\uddf7 &#8211; Compost\",\"description\":\"\",\"url\":\"https:\/\/www.keepcompany.fr\/fr\/event\/parc-naturel-regional-des-monts-dardeche-avec-le-partage-des-eaux-07-%f0%9f%87%ab%f0%9f%87%b7-compost\/\",\"eventAttendanceMode\":\"https:\/\/schema.org\/OfflineEventAttendanceMode\",\"eventStatus\":\"https:\/\/schema.org\/EventScheduled\",\"startDate\":\"2026-06-17T08:00:00+00:00\",\"endDate\":\"2026-06-20T17:00:00+00:00\",\"performer\":\"Organization\"},{\"@context\":\"http:\/\/schema.org\",\"@type\":\"Event\",\"name\":\"Bilboko Kalealdia, Bilbao \\ud83c\\uddea\\ud83c\\uddf8 &#8211; Underfoot\",\"description\":\"\",\"url\":\"https:\/\/www.keepcompany.fr\/fr\/event\/bilboko-kalealdia-bilbao-%f0%9f%87%aa%f0%9f%87%b8-underfoot\/\",\"eventAttendanceMode\":\"https:\/\/schema.org\/OfflineEventAttendanceMode\",\"eventStatus\":\"https:\/\/schema.org\/EventScheduled\",\"startDate\":\"2026-07-01T08:00:00+00:00\",\"endDate\":\"2026-07-02T17:00:00+00:00\",\"performer\":\"Organization\"},{\"@context\":\"http:\/\/schema.org\",\"@type\":\"Event\",\"name\":\"Il paese dei balocchi, Cecina \\ud83c\\uddee\\ud83c\\uddf9 &#8211; Underfoot\",\"description\":\"\",\"url\":\"https:\/\/www.keepcompany.fr\/fr\/event\/il-paese-dei-balocchi-cecina-it-%f0%9f%87%ae%f0%9f%87%b9-underfoot\/\",\"eventAttendanceMode\":\"https:\/\/schema.org\/OfflineEventAttendanceMode\",\"eventStatus\":\"https:\/\/schema.org\/EventScheduled\",\"startDate\":\"2026-07-17T08:00:00+00:00\",\"endDate\":\"2026-07-19T17:00:00+00:00\",\"performer\":\"Organization\"},{\"@context\":\"http:\/\/schema.org\",\"@type\":\"Event\",\"name\":\"Festival d&#8217;Aurillac, avec le collectif Gueule Velours \\ud83c\\uddeb\\ud83c\\uddf7 &#8211; Underfoot\",\"description\":\"\",\"url\":\"https:\/\/www.keepcompany.fr\/fr\/event\/festival-daurillac-avec-le-collectif-gueule-velours-%f0%9f%87%ab%f0%9f%87%b7-underfoot\/\",\"eventAttendanceMode\":\"https:\/\/schema.org\/OfflineEventAttendanceMode\",\"eventStatus\":\"https:\/\/schema.org\/EventScheduled\",\"startDate\":\"2026-08-19T08:00:00+00:00\",\"endDate\":\"2026-08-23T17:00:00+00:00\",\"performer\":\"Organization\"},{\"@context\":\"http:\/\/schema.org\",\"@type\":\"Event\",\"name\":\"At.tension festival, L\\u00e4rz \\ud83c\\udde9\\ud83c\\uddea &#8211; Underfoot\",\"description\":\"\",\"url\":\"https:\/\/www.keepcompany.fr\/fr\/event\/at-tension-festival-larz-%f0%9f%87%a9%f0%9f%87%aa-underfoot\/\",\"eventAttendanceMode\":\"https:\/\/schema.org\/OfflineEventAttendanceMode\",\"eventStatus\":\"https:\/\/schema.org\/EventScheduled\",\"startDate\":\"2026-09-03T08:00:00+00:00\",\"endDate\":\"2026-09-06T17:00:00+00:00\",\"performer\":\"Organization\"},{\"@context\":\"http:\/\/schema.org\",\"@type\":\"Event\",\"name\":\"Dinamico Festival, Reggio Emilia \\ud83c\\uddee\\ud83c\\uddf9 &#8211; Underfoot\",\"description\":\"\",\"url\":\"https:\/\/www.keepcompany.fr\/fr\/event\/dinamico-festival-reggio-emilia-%f0%9f%87%ae%f0%9f%87%b9-underfoot\/\",\"eventAttendanceMode\":\"https:\/\/schema.org\/OfflineEventAttendanceMode\",\"eventStatus\":\"https:\/\/schema.org\/EventScheduled\",\"startDate\":\"2026-09-12T08:00:00+00:00\",\"endDate\":\"2026-09-13T17:00:00+00:00\",\"performer\":\"Organization\"}]\r\n<\/script><div id=\"ectbe-wrapper-e5a17c1\" class=\"ectbe-wrapper ectbe-list-wrapper style-1\"><div id=\"event-3755\" class=\"ectbe-inner-wrapper ectbe-simple-event\"><div class=\"ectbe-date-area\">\r\n\t\t<span class=\"ectbe-ev-day\">30<\/span>\r\n\t\t<span class=\"ectbe-ev-mo\">avril<\/span>\r\n\t\t<span class=\"ectbe-ev-yr\">2026<\/span><span class=\"ectbe-ev-hyphon\"> - <\/span>\r\n\t\t\t<span class=\"ectbe-ev-day\">03<\/span>\r\n\t\t\t<span class=\"ectbe-ev-mo\">mai<\/span>\r\n\t\t\t<span class=\"ectbe-ev-yr\">2026<\/span><\/div><div class=\"ectbe-content-box\"><div class=\"ectbe-evt-title\"><a class=\"ectbe-evt-url\" href=\"https:\/\/www.keepcompany.fr\/fr\/event\/la-gare-a-coulisses-26-%f0%9f%87%ab%f0%9f%87%b7-etre-un-jardin-parcours-artistique-en-milieu-scolaire\/\">La Gare \u00e0 Coulisses (26) \ud83c\uddeb\ud83c\uddf7 - \u00catre un jardin, parcours artistique en milieu scolaire<\/a><\/div><div class=\"ectbe-evt-time\"><i class=\"ectbe-icon-clock\"><\/i>avril 30 - mai 3<\/div><div class=\"ectbe-evt-description\"><\/div><\/div><div class=\"ectbe-evt-more-box\"><a class=\"ectbe-evt-read-more\" href=\"https:\/\/www.keepcompany.fr\/fr\/event\/la-gare-a-coulisses-26-%f0%9f%87%ab%f0%9f%87%b7-etre-un-jardin-parcours-artistique-en-milieu-scolaire\/\">En savoir plus<\/a><\/div><\/div><div id=\"event-3742\" class=\"ectbe-inner-wrapper ectbe-simple-event\"><div class=\"ectbe-date-area\">\r\n\t\t<span class=\"ectbe-ev-day\">23<\/span>\r\n\t\t<span class=\"ectbe-ev-mo\">mai<\/span>\r\n\t\t<span class=\"ectbe-ev-yr\">2026<\/span><\/div><div class=\"ectbe-content-box\"><div class=\"ectbe-evt-title\"><a class=\"ectbe-evt-url\" href=\"https:\/\/www.keepcompany.fr\/fr\/event\/le-fip-rabastens-83%f0%9f%87%ab%f0%9f%87%b7-underfoot\/\">Le FIP, Rabastens (83)\ud83c\uddeb\ud83c\uddf7 - Underfoot<\/a><\/div><div class=\"ectbe-evt-time\"><i class=\"ectbe-icon-clock\"><\/i>All day<\/div><div class=\"ectbe-evt-description\"><\/div><\/div><div class=\"ectbe-evt-more-box\"><a class=\"ectbe-evt-read-more\" href=\"https:\/\/www.keepcompany.fr\/fr\/event\/le-fip-rabastens-83%f0%9f%87%ab%f0%9f%87%b7-underfoot\/\">En savoir plus<\/a><\/div><\/div><div id=\"event-3738\" class=\"ectbe-inner-wrapper ectbe-simple-event\"><div class=\"ectbe-date-area\">\r\n\t\t<span class=\"ectbe-ev-day\">05<\/span>\r\n\t\t<span class=\"ectbe-ev-mo\">juin<\/span>\r\n\t\t<span class=\"ectbe-ev-yr\">2026<\/span><span class=\"ectbe-ev-hyphon\"> - <\/span>\r\n\t\t\t<span class=\"ectbe-ev-day\">07<\/span>\r\n\t\t\t<span class=\"ectbe-ev-mo\">juin<\/span>\r\n\t\t\t<span class=\"ectbe-ev-yr\">2026<\/span><\/div><div class=\"ectbe-content-box\"><div class=\"ectbe-evt-title\"><a class=\"ectbe-evt-url\" href=\"https:\/\/www.keepcompany.fr\/fr\/event\/la-gare-des-ramieres-avec-la-gare-a-coulisses-26-%f0%9f%87%ab%f0%9f%87%b7-compost\/\">La Gare des Rami\u00e8res, avec La Gare \u00e0 Coulisses (26) \ud83c\uddeb\ud83c\uddf7 - Compost<\/a><\/div><div class=\"ectbe-evt-time\"><i class=\"ectbe-icon-clock\"><\/i>juin 5 - juin 7<\/div><div class=\"ectbe-evt-description\"><\/div><\/div><div class=\"ectbe-evt-more-box\"><a class=\"ectbe-evt-read-more\" href=\"https:\/\/www.keepcompany.fr\/fr\/event\/la-gare-des-ramieres-avec-la-gare-a-coulisses-26-%f0%9f%87%ab%f0%9f%87%b7-compost\/\">En savoir plus<\/a><\/div><\/div><div id=\"event-3740\" class=\"ectbe-inner-wrapper ectbe-simple-event\"><div class=\"ectbe-date-area\">\r\n\t\t<span class=\"ectbe-ev-day\">17<\/span>\r\n\t\t<span class=\"ectbe-ev-mo\">juin<\/span>\r\n\t\t<span class=\"ectbe-ev-yr\">2026<\/span><span class=\"ectbe-ev-hyphon\"> - <\/span>\r\n\t\t\t<span class=\"ectbe-ev-day\">20<\/span>\r\n\t\t\t<span class=\"ectbe-ev-mo\">juin<\/span>\r\n\t\t\t<span class=\"ectbe-ev-yr\">2026<\/span><\/div><div class=\"ectbe-content-box\"><div class=\"ectbe-evt-title\"><a class=\"ectbe-evt-url\" href=\"https:\/\/www.keepcompany.fr\/fr\/event\/parc-naturel-regional-des-monts-dardeche-avec-le-partage-des-eaux-07-%f0%9f%87%ab%f0%9f%87%b7-compost\/\">Parc naturel r\u00e9gional des Monts d'Ard\u00e8che, avec le Partage des eaux (07) \ud83c\uddeb\ud83c\uddf7 - Compost<\/a><\/div><div class=\"ectbe-evt-time\"><i class=\"ectbe-icon-clock\"><\/i>juin 17 - juin 20<\/div><div class=\"ectbe-evt-description\"><\/div><\/div><div class=\"ectbe-evt-more-box\"><a class=\"ectbe-evt-read-more\" href=\"https:\/\/www.keepcompany.fr\/fr\/event\/parc-naturel-regional-des-monts-dardeche-avec-le-partage-des-eaux-07-%f0%9f%87%ab%f0%9f%87%b7-compost\/\">En savoir plus<\/a><\/div><\/div><div id=\"event-3744\" class=\"ectbe-inner-wrapper ectbe-simple-event\"><div class=\"ectbe-date-area\">\r\n\t\t<span class=\"ectbe-ev-day\">01<\/span>\r\n\t\t<span class=\"ectbe-ev-mo\">juillet<\/span>\r\n\t\t<span class=\"ectbe-ev-yr\">2026<\/span><span class=\"ectbe-ev-hyphon\"> - <\/span>\r\n\t\t\t<span class=\"ectbe-ev-day\">02<\/span>\r\n\t\t\t<span class=\"ectbe-ev-mo\">juillet<\/span>\r\n\t\t\t<span class=\"ectbe-ev-yr\">2026<\/span><\/div><div class=\"ectbe-content-box\"><div class=\"ectbe-evt-title\"><a class=\"ectbe-evt-url\" href=\"https:\/\/www.keepcompany.fr\/fr\/event\/bilboko-kalealdia-bilbao-%f0%9f%87%aa%f0%9f%87%b8-underfoot\/\">Bilboko Kalealdia, Bilbao \ud83c\uddea\ud83c\uddf8 - Underfoot<\/a><\/div><div class=\"ectbe-evt-time\"><i class=\"ectbe-icon-clock\"><\/i>juillet 1 - juillet 2<\/div><div class=\"ectbe-evt-description\"><\/div><\/div><div class=\"ectbe-evt-more-box\"><a class=\"ectbe-evt-read-more\" href=\"https:\/\/www.keepcompany.fr\/fr\/event\/bilboko-kalealdia-bilbao-%f0%9f%87%aa%f0%9f%87%b8-underfoot\/\">En savoir plus<\/a><\/div><\/div><div id=\"event-3746\" class=\"ectbe-inner-wrapper ectbe-simple-event\"><div class=\"ectbe-date-area\">\r\n\t\t<span class=\"ectbe-ev-day\">17<\/span>\r\n\t\t<span class=\"ectbe-ev-mo\">juillet<\/span>\r\n\t\t<span class=\"ectbe-ev-yr\">2026<\/span><span class=\"ectbe-ev-hyphon\"> - <\/span>\r\n\t\t\t<span class=\"ectbe-ev-day\">19<\/span>\r\n\t\t\t<span class=\"ectbe-ev-mo\">juillet<\/span>\r\n\t\t\t<span class=\"ectbe-ev-yr\">2026<\/span><\/div><div class=\"ectbe-content-box\"><div class=\"ectbe-evt-title\"><a class=\"ectbe-evt-url\" href=\"https:\/\/www.keepcompany.fr\/fr\/event\/il-paese-dei-balocchi-cecina-it-%f0%9f%87%ae%f0%9f%87%b9-underfoot\/\">Il paese dei balocchi, Cecina \ud83c\uddee\ud83c\uddf9 - Underfoot<\/a><\/div><div class=\"ectbe-evt-time\"><i class=\"ectbe-icon-clock\"><\/i>juillet 17 - juillet 19<\/div><div class=\"ectbe-evt-description\"><\/div><\/div><div class=\"ectbe-evt-more-box\"><a class=\"ectbe-evt-read-more\" href=\"https:\/\/www.keepcompany.fr\/fr\/event\/il-paese-dei-balocchi-cecina-it-%f0%9f%87%ae%f0%9f%87%b9-underfoot\/\">En savoir plus<\/a><\/div><\/div><div id=\"event-3749\" class=\"ectbe-inner-wrapper ectbe-simple-event\"><div class=\"ectbe-date-area\">\r\n\t\t<span class=\"ectbe-ev-day\">19<\/span>\r\n\t\t<span class=\"ectbe-ev-mo\">ao\u00fbt<\/span>\r\n\t\t<span class=\"ectbe-ev-yr\">2026<\/span><span class=\"ectbe-ev-hyphon\"> - <\/span>\r\n\t\t\t<span class=\"ectbe-ev-day\">23<\/span>\r\n\t\t\t<span class=\"ectbe-ev-mo\">ao\u00fbt<\/span>\r\n\t\t\t<span class=\"ectbe-ev-yr\">2026<\/span><\/div><div class=\"ectbe-content-box\"><div class=\"ectbe-evt-title\"><a class=\"ectbe-evt-url\" href=\"https:\/\/www.keepcompany.fr\/fr\/event\/festival-daurillac-avec-le-collectif-gueule-velours-%f0%9f%87%ab%f0%9f%87%b7-underfoot\/\">Festival d'Aurillac, avec le collectif Gueule Velours \ud83c\uddeb\ud83c\uddf7 - Underfoot<\/a><\/div><div class=\"ectbe-evt-time\"><i class=\"ectbe-icon-clock\"><\/i>ao\u00fbt 19 - ao\u00fbt 23<\/div><div class=\"ectbe-evt-description\"><\/div><\/div><div class=\"ectbe-evt-more-box\"><a class=\"ectbe-evt-read-more\" href=\"https:\/\/www.keepcompany.fr\/fr\/event\/festival-daurillac-avec-le-collectif-gueule-velours-%f0%9f%87%ab%f0%9f%87%b7-underfoot\/\">En savoir plus<\/a><\/div><\/div><div id=\"event-3751\" class=\"ectbe-inner-wrapper ectbe-simple-event\"><div class=\"ectbe-date-area\">\r\n\t\t<span class=\"ectbe-ev-day\">03<\/span>\r\n\t\t<span class=\"ectbe-ev-mo\">septembre<\/span>\r\n\t\t<span class=\"ectbe-ev-yr\">2026<\/span><span class=\"ectbe-ev-hyphon\"> - <\/span>\r\n\t\t\t<span class=\"ectbe-ev-day\">06<\/span>\r\n\t\t\t<span class=\"ectbe-ev-mo\">septembre<\/span>\r\n\t\t\t<span class=\"ectbe-ev-yr\">2026<\/span><\/div><div class=\"ectbe-content-box\"><div class=\"ectbe-evt-title\"><a class=\"ectbe-evt-url\" href=\"https:\/\/www.keepcompany.fr\/fr\/event\/at-tension-festival-larz-%f0%9f%87%a9%f0%9f%87%aa-underfoot\/\">At.tension festival, L\u00e4rz \ud83c\udde9\ud83c\uddea - Underfoot<\/a><\/div><div class=\"ectbe-evt-time\"><i class=\"ectbe-icon-clock\"><\/i>septembre 3 - septembre 6<\/div><div class=\"ectbe-evt-description\"><\/div><\/div><div class=\"ectbe-evt-more-box\"><a class=\"ectbe-evt-read-more\" href=\"https:\/\/www.keepcompany.fr\/fr\/event\/at-tension-festival-larz-%f0%9f%87%a9%f0%9f%87%aa-underfoot\/\">En savoir plus<\/a><\/div><\/div><div id=\"event-3753\" class=\"ectbe-inner-wrapper ectbe-simple-event\"><div class=\"ectbe-date-area\">\r\n\t\t<span class=\"ectbe-ev-day\">12<\/span>\r\n\t\t<span class=\"ectbe-ev-mo\">septembre<\/span>\r\n\t\t<span class=\"ectbe-ev-yr\">2026<\/span><span class=\"ectbe-ev-hyphon\"> - <\/span>\r\n\t\t\t<span class=\"ectbe-ev-day\">13<\/span>\r\n\t\t\t<span class=\"ectbe-ev-mo\">septembre<\/span>\r\n\t\t\t<span class=\"ectbe-ev-yr\">2026<\/span><\/div><div class=\"ectbe-content-box\"><div class=\"ectbe-evt-title\"><a class=\"ectbe-evt-url\" href=\"https:\/\/www.keepcompany.fr\/fr\/event\/dinamico-festival-reggio-emilia-%f0%9f%87%ae%f0%9f%87%b9-underfoot\/\">Dinamico Festival, Reggio Emilia \ud83c\uddee\ud83c\uddf9 - Underfoot<\/a><\/div><div class=\"ectbe-evt-time\"><i class=\"ectbe-icon-clock\"><\/i>septembre 12 - septembre 13<\/div><div class=\"ectbe-evt-description\"><\/div><\/div><div class=\"ectbe-evt-more-box\"><a class=\"ectbe-evt-read-more\" href=\"https:\/\/www.keepcompany.fr\/fr\/event\/dinamico-festival-reggio-emilia-%f0%9f%87%ae%f0%9f%87%b9-underfoot\/\">En savoir plus<\/a><\/div><\/div><\/div>\t\t<\/div>\n\t\t\t\t<\/div>\n\t\t\t\t<\/div>\n\t\t\t\t<\/div>\n\t\t\t\t<\/div>\n\t\t\t\t<\/div>\n\t\t\t\t\t<\/div>\n\t\t\t\t<\/div>\n\t\t<div class=\"elementor-element elementor-element-23f3090 e-flex e-con-boxed wpr-particle-no wpr-jarallax-no wpr-parallax-no wpr-sticky-section-no e-con e-parent\" data-id=\"23f3090\" data-element_type=\"container\">\n\t\t\t\t\t<div class=\"e-con-inner\">\n\t\t\t\t\t<\/div>\n\t\t\t\t<\/div>\n\t\t<div class=\"elementor-element elementor-element-d6010f5 e-flex e-con-boxed wpr-particle-no wpr-jarallax-no wpr-parallax-no wpr-sticky-section-no e-con e-parent\" data-id=\"d6010f5\" data-element_type=\"container\" data-settings=\"{&quot;background_background&quot;:&quot;classic&quot;}\">\n\t\t\t\t\t<div class=\"e-con-inner\">\n\t\t\t\t<div class=\"elementor-element elementor-element-c0a6505 elementor-widget__width-initial elementor-widget elementor-widget-heading\" data-id=\"c0a6505\" data-element_type=\"widget\" data-widget_type=\"heading.default\">\n\t\t\t\t<div class=\"elementor-widget-container\">\n\t\t\t<h1 class=\"elementor-heading-title elementor-size-default\">Derniers \u00e9v\u00e9n\u00e9ments<\/h1>\t\t<\/div>\n\t\t\t\t<\/div>\n\t\t\t\t<div class=\"elementor-element elementor-element-225cbc8 elementor-widget elementor-widget-the-events-calendar-addon\" data-id=\"225cbc8\" data-element_type=\"widget\" data-widget_type=\"the-events-calendar-addon.default\">\n\t\t\t\t<div class=\"elementor-widget-container\">\n\t\t\t<!=========Events list Template 1.6.11=========><script type=\"application\/ld+json\">\r\n[{\"@context\":\"http:\/\/schema.org\",\"@type\":\"Event\",\"name\":\"La Gare \\u00e0 Coulisses (26) \\ud83c\\uddeb\\ud83c\\uddf7 &#8211; \\u00catre un jardin, parcours artistique en milieu scolaire\",\"description\":\"\",\"url\":\"https:\/\/www.keepcompany.fr\/fr\/event\/la-gare-a-coulisses-26-%f0%9f%87%ab%f0%9f%87%b7-etre-un-jardin-parcours-artistique-en-milieu-scolaire\/\",\"eventAttendanceMode\":\"https:\/\/schema.org\/OfflineEventAttendanceMode\",\"eventStatus\":\"https:\/\/schema.org\/EventScheduled\",\"startDate\":\"2026-04-30T08:00:00+00:00\",\"endDate\":\"2026-05-03T17:00:00+00:00\",\"performer\":\"Organization\"},{\"@context\":\"http:\/\/schema.org\",\"@type\":\"Event\",\"name\":\"Le FIP, Rabastens (83)\\ud83c\\uddeb\\ud83c\\uddf7 &#8211; Underfoot\",\"description\":\"\",\"url\":\"https:\/\/www.keepcompany.fr\/fr\/event\/le-fip-rabastens-83%f0%9f%87%ab%f0%9f%87%b7-underfoot\/\",\"eventAttendanceMode\":\"https:\/\/schema.org\/OfflineEventAttendanceMode\",\"eventStatus\":\"https:\/\/schema.org\/EventScheduled\",\"startDate\":\"2026-05-23T00:00:00+00:00\",\"endDate\":\"2026-05-23T23:59:59+00:00\",\"performer\":\"Organization\"},{\"@context\":\"http:\/\/schema.org\",\"@type\":\"Event\",\"name\":\"La Gare des Rami\\u00e8res, avec La Gare \\u00e0 Coulisses (26) \\ud83c\\uddeb\\ud83c\\uddf7 &#8211; Compost\",\"description\":\"\",\"url\":\"https:\/\/www.keepcompany.fr\/fr\/event\/la-gare-des-ramieres-avec-la-gare-a-coulisses-26-%f0%9f%87%ab%f0%9f%87%b7-compost\/\",\"eventAttendanceMode\":\"https:\/\/schema.org\/OfflineEventAttendanceMode\",\"eventStatus\":\"https:\/\/schema.org\/EventScheduled\",\"startDate\":\"2026-06-05T08:00:00+00:00\",\"endDate\":\"2026-06-07T17:00:00+00:00\",\"performer\":\"Organization\"},{\"@context\":\"http:\/\/schema.org\",\"@type\":\"Event\",\"name\":\"Parc naturel r\\u00e9gional des Monts d&#8217;Ard\\u00e8che, avec le Partage des eaux (07) \\ud83c\\uddeb\\ud83c\\uddf7 &#8211; Compost\",\"description\":\"\",\"url\":\"https:\/\/www.keepcompany.fr\/fr\/event\/parc-naturel-regional-des-monts-dardeche-avec-le-partage-des-eaux-07-%f0%9f%87%ab%f0%9f%87%b7-compost\/\",\"eventAttendanceMode\":\"https:\/\/schema.org\/OfflineEventAttendanceMode\",\"eventStatus\":\"https:\/\/schema.org\/EventScheduled\",\"startDate\":\"2026-06-17T08:00:00+00:00\",\"endDate\":\"2026-06-20T17:00:00+00:00\",\"performer\":\"Organization\"},{\"@context\":\"http:\/\/schema.org\",\"@type\":\"Event\",\"name\":\"Bilboko Kalealdia, Bilbao \\ud83c\\uddea\\ud83c\\uddf8 &#8211; Underfoot\",\"description\":\"\",\"url\":\"https:\/\/www.keepcompany.fr\/fr\/event\/bilboko-kalealdia-bilbao-%f0%9f%87%aa%f0%9f%87%b8-underfoot\/\",\"eventAttendanceMode\":\"https:\/\/schema.org\/OfflineEventAttendanceMode\",\"eventStatus\":\"https:\/\/schema.org\/EventScheduled\",\"startDate\":\"2026-07-01T08:00:00+00:00\",\"endDate\":\"2026-07-02T17:00:00+00:00\",\"performer\":\"Organization\"},{\"@context\":\"http:\/\/schema.org\",\"@type\":\"Event\",\"name\":\"Il paese dei balocchi, Cecina \\ud83c\\uddee\\ud83c\\uddf9 &#8211; Underfoot\",\"description\":\"\",\"url\":\"https:\/\/www.keepcompany.fr\/fr\/event\/il-paese-dei-balocchi-cecina-it-%f0%9f%87%ae%f0%9f%87%b9-underfoot\/\",\"eventAttendanceMode\":\"https:\/\/schema.org\/OfflineEventAttendanceMode\",\"eventStatus\":\"https:\/\/schema.org\/EventScheduled\",\"startDate\":\"2026-07-17T08:00:00+00:00\",\"endDate\":\"2026-07-19T17:00:00+00:00\",\"performer\":\"Organization\"},{\"@context\":\"http:\/\/schema.org\",\"@type\":\"Event\",\"name\":\"Festival d&#8217;Aurillac, avec le collectif Gueule Velours \\ud83c\\uddeb\\ud83c\\uddf7 &#8211; Underfoot\",\"description\":\"\",\"url\":\"https:\/\/www.keepcompany.fr\/fr\/event\/festival-daurillac-avec-le-collectif-gueule-velours-%f0%9f%87%ab%f0%9f%87%b7-underfoot\/\",\"eventAttendanceMode\":\"https:\/\/schema.org\/OfflineEventAttendanceMode\",\"eventStatus\":\"https:\/\/schema.org\/EventScheduled\",\"startDate\":\"2026-08-19T08:00:00+00:00\",\"endDate\":\"2026-08-23T17:00:00+00:00\",\"performer\":\"Organization\"},{\"@context\":\"http:\/\/schema.org\",\"@type\":\"Event\",\"name\":\"At.tension festival, L\\u00e4rz \\ud83c\\udde9\\ud83c\\uddea &#8211; Underfoot\",\"description\":\"\",\"url\":\"https:\/\/www.keepcompany.fr\/fr\/event\/at-tension-festival-larz-%f0%9f%87%a9%f0%9f%87%aa-underfoot\/\",\"eventAttendanceMode\":\"https:\/\/schema.org\/OfflineEventAttendanceMode\",\"eventStatus\":\"https:\/\/schema.org\/EventScheduled\",\"startDate\":\"2026-09-03T08:00:00+00:00\",\"endDate\":\"2026-09-06T17:00:00+00:00\",\"performer\":\"Organization\"},{\"@context\":\"http:\/\/schema.org\",\"@type\":\"Event\",\"name\":\"Dinamico Festival, Reggio Emilia \\ud83c\\uddee\\ud83c\\uddf9 &#8211; Underfoot\",\"description\":\"\",\"url\":\"https:\/\/www.keepcompany.fr\/fr\/event\/dinamico-festival-reggio-emilia-%f0%9f%87%ae%f0%9f%87%b9-underfoot\/\",\"eventAttendanceMode\":\"https:\/\/schema.org\/OfflineEventAttendanceMode\",\"eventStatus\":\"https:\/\/schema.org\/EventScheduled\",\"startDate\":\"2026-09-12T08:00:00+00:00\",\"endDate\":\"2026-09-13T17:00:00+00:00\",\"performer\":\"Organization\"}]\r\n<\/script><div id=\"ectbe-wrapper-225cbc8\" class=\"ectbe-wrapper ectbe-list-wrapper style-1\"><div id=\"event-3726\" class=\"ectbe-inner-wrapper ectbe-simple-event\"><div class=\"ectbe-date-area\">\r\n\t\t<span class=\"ectbe-ev-day\">17<\/span>\r\n\t\t<span class=\"ectbe-ev-mo\">juillet<\/span>\r\n\t\t<span class=\"ectbe-ev-yr\">2025<\/span><span class=\"ectbe-ev-hyphon\"> - <\/span>\r\n\t\t\t<span class=\"ectbe-ev-day\">20<\/span>\r\n\t\t\t<span class=\"ectbe-ev-mo\">juillet<\/span>\r\n\t\t\t<span class=\"ectbe-ev-yr\">2025<\/span><\/div><div class=\"ectbe-content-box\"><div class=\"ectbe-evt-title\"><a class=\"ectbe-evt-url\" href=\"https:\/\/www.keepcompany.fr\/fr\/event\/festival-chalon-dans-la-rue-chalon-sur-saone-71-%f0%9f%87%ab%f0%9f%87%b7-underfoot\/\">Festival Chalon dans la Rue, Chalon-sur-Sa\u00f4ne (71) \ud83c\uddeb\ud83c\uddf7 - Underfoot<\/a><\/div><div class=\"ectbe-evt-time\"><i class=\"ectbe-icon-clock\"><\/i>juillet 17, 2025 - juillet 20, 2025<\/div><div class=\"ectbe-evt-description\"><\/div><\/div><div class=\"ectbe-evt-more-box\"><a class=\"ectbe-evt-read-more\" href=\"https:\/\/www.keepcompany.fr\/fr\/event\/festival-chalon-dans-la-rue-chalon-sur-saone-71-%f0%9f%87%ab%f0%9f%87%b7-underfoot\/\">En savoir plus<\/a><\/div><\/div><div id=\"event-3724\" class=\"ectbe-inner-wrapper ectbe-simple-event\"><div class=\"ectbe-date-area\">\r\n\t\t<span class=\"ectbe-ev-day\">25<\/span>\r\n\t\t<span class=\"ectbe-ev-mo\">mai<\/span>\r\n\t\t<span class=\"ectbe-ev-yr\">2025<\/span><\/div><div class=\"ectbe-content-box\"><div class=\"ectbe-evt-title\"><a class=\"ectbe-evt-url\" href=\"https:\/\/www.keepcompany.fr\/fr\/event\/festival-sous-les-pechers-la-plage-montreuil-93-%f0%9f%87%ab%f0%9f%87%b7-underfoot\/\">Festival Sous les P\u00eachers, la Plage, Montreuil (93) \ud83c\uddeb\ud83c\uddf7 - Underfoot<\/a><\/div><div class=\"ectbe-evt-time\"><i class=\"ectbe-icon-clock\"><\/i>5:00 pm - 6:00 pm<\/div><div class=\"ectbe-evt-description\"><\/div><\/div><div class=\"ectbe-evt-more-box\"><a class=\"ectbe-evt-read-more\" href=\"https:\/\/www.keepcompany.fr\/fr\/event\/festival-sous-les-pechers-la-plage-montreuil-93-%f0%9f%87%ab%f0%9f%87%b7-underfoot\/\">En savoir plus<\/a><\/div><\/div><div id=\"event-3722\" class=\"ectbe-inner-wrapper ectbe-simple-event\"><div class=\"ectbe-date-area\">\r\n\t\t<span class=\"ectbe-ev-day\">24<\/span>\r\n\t\t<span class=\"ectbe-ev-mo\">mai<\/span>\r\n\t\t<span class=\"ectbe-ev-yr\">2025<\/span><\/div><div class=\"ectbe-content-box\"><div class=\"ectbe-evt-title\"><a class=\"ectbe-evt-url\" href=\"https:\/\/www.keepcompany.fr\/fr\/event\/fete-de-la-nature-au-site-archeologique-de-gisacum-vieil-evreux-27-%f0%9f%87%ab%f0%9f%87%b7-underfoot\/\">F\u00eate de la Nature au site arch\u00e9ologique de Gisacum, Vieil-\u00c9vreux (27) \ud83c\uddeb\ud83c\uddf7 - Underfoot<\/a><\/div><div class=\"ectbe-evt-time\"><i class=\"ectbe-icon-clock\"><\/i>5:00 pm - 6:00 pm<\/div><div class=\"ectbe-evt-description\"><\/div><\/div><div class=\"ectbe-evt-more-box\"><a class=\"ectbe-evt-read-more\" href=\"https:\/\/www.keepcompany.fr\/fr\/event\/fete-de-la-nature-au-site-archeologique-de-gisacum-vieil-evreux-27-%f0%9f%87%ab%f0%9f%87%b7-underfoot\/\">En savoir plus<\/a><\/div><\/div><div id=\"event-3642\" class=\"ectbe-inner-wrapper ectbe-simple-event\"><div class=\"ectbe-date-area\">\r\n\t\t<span class=\"ectbe-ev-day\">10<\/span>\r\n\t\t<span class=\"ectbe-ev-mo\">mai<\/span>\r\n\t\t<span class=\"ectbe-ev-yr\">2025<\/span><span class=\"ectbe-ev-hyphon\"> - <\/span>\r\n\t\t\t<span class=\"ectbe-ev-day\">11<\/span>\r\n\t\t\t<span class=\"ectbe-ev-mo\">mai<\/span>\r\n\t\t\t<span class=\"ectbe-ev-yr\">2025<\/span><\/div><div class=\"ectbe-content-box\"><div class=\"ectbe-evt-title\"><a class=\"ectbe-evt-url\" href=\"https:\/\/www.keepcompany.fr\/fr\/event\/grosmenil-dans-tous-ses-etats-76%f0%9f%87%ab%f0%9f%87%b7-underfoot\/\">Grosmenil Dans Tous ses Etats (76) \ud83c\uddeb\ud83c\uddf7 - Underfoot<\/a><\/div><div class=\"ectbe-evt-time\"><i class=\"ectbe-icon-clock\"><\/i>All day<\/div><div class=\"ectbe-evt-description\"><\/div><\/div><div class=\"ectbe-evt-more-box\"><a class=\"ectbe-evt-read-more\" href=\"https:\/\/www.keepcompany.fr\/fr\/event\/grosmenil-dans-tous-ses-etats-76%f0%9f%87%ab%f0%9f%87%b7-underfoot\/\">En savoir plus<\/a><\/div><\/div><div id=\"event-3640\" class=\"ectbe-inner-wrapper ectbe-simple-event\"><div class=\"ectbe-date-area\">\r\n\t\t<span class=\"ectbe-ev-day\">03<\/span>\r\n\t\t<span class=\"ectbe-ev-mo\">mai<\/span>\r\n\t\t<span class=\"ectbe-ev-yr\">2025<\/span><span class=\"ectbe-ev-hyphon\"> - <\/span>\r\n\t\t\t<span class=\"ectbe-ev-day\">04<\/span>\r\n\t\t\t<span class=\"ectbe-ev-mo\">mai<\/span>\r\n\t\t\t<span class=\"ectbe-ev-yr\">2025<\/span><\/div><div class=\"ectbe-content-box\"><div class=\"ectbe-evt-title\"><a class=\"ectbe-evt-url\" href=\"https:\/\/www.keepcompany.fr\/fr\/event\/circaire-festival-alcudia-%f0%9f%87%aa%f0%9f%87%b8-underfoot\/\">Circaire Festival, Alc\u00f9dia \ud83c\uddea\ud83c\uddf8 - Underfoot<\/a><\/div><div class=\"ectbe-evt-time\"><i class=\"ectbe-icon-clock\"><\/i>All day<\/div><div class=\"ectbe-evt-description\"><\/div><\/div><div class=\"ectbe-evt-more-box\"><a class=\"ectbe-evt-read-more\" href=\"https:\/\/www.keepcompany.fr\/fr\/event\/circaire-festival-alcudia-%f0%9f%87%aa%f0%9f%87%b8-underfoot\/\">En savoir plus<\/a><\/div><\/div><div id=\"event-3638\" class=\"ectbe-inner-wrapper ectbe-simple-event\"><div class=\"ectbe-date-area\">\r\n\t\t<span class=\"ectbe-ev-day\">19<\/span>\r\n\t\t<span class=\"ectbe-ev-mo\">avril<\/span>\r\n\t\t<span class=\"ectbe-ev-yr\">2025<\/span><\/div><div class=\"ectbe-content-box\"><div class=\"ectbe-evt-title\"><a class=\"ectbe-evt-url\" href=\"https:\/\/www.keepcompany.fr\/fr\/event\/fantasy-festival-monferrato-%f0%9f%87%ae%f0%9f%87%b9-underfoot\/\">Fantasy Festival, Monferrato \ud83c\uddee\ud83c\uddf9 - Underfoot<\/a><\/div><div class=\"ectbe-evt-time\"><i class=\"ectbe-icon-clock\"><\/i>All day<\/div><div class=\"ectbe-evt-description\"><\/div><\/div><div class=\"ectbe-evt-more-box\"><a class=\"ectbe-evt-read-more\" href=\"https:\/\/www.keepcompany.fr\/fr\/event\/fantasy-festival-monferrato-%f0%9f%87%ae%f0%9f%87%b9-underfoot\/\">En savoir plus<\/a><\/div><\/div><div id=\"event-3632\" class=\"ectbe-inner-wrapper ectbe-simple-event\"><div class=\"ectbe-date-area\">\r\n\t\t<span class=\"ectbe-ev-day\">13<\/span>\r\n\t\t<span class=\"ectbe-ev-mo\">avril<\/span>\r\n\t\t<span class=\"ectbe-ev-yr\">2025<\/span><\/div><div class=\"ectbe-content-box\"><div class=\"ectbe-evt-title\"><a class=\"ectbe-evt-url\" href=\"https:\/\/www.keepcompany.fr\/fr\/event\/bourg-saint-andeol-la-cascade-07-%f0%9f%87%ab%f0%9f%87%b7-underfoot\/\">Faug\u00e8res, L'art D'en Faire (07) \ud83c\uddeb\ud83c\uddf7 - Compost<\/a><\/div><div class=\"ectbe-evt-time\"><i class=\"ectbe-icon-clock\"><\/i>All day<\/div><div class=\"ectbe-evt-description\"><\/div><\/div><div class=\"ectbe-evt-more-box\"><a class=\"ectbe-evt-read-more\" href=\"https:\/\/www.keepcompany.fr\/fr\/event\/bourg-saint-andeol-la-cascade-07-%f0%9f%87%ab%f0%9f%87%b7-underfoot\/\">En savoir plus<\/a><\/div><\/div><div id=\"event-3636\" class=\"ectbe-inner-wrapper ectbe-simple-event\"><div class=\"ectbe-date-area\">\r\n\t\t<span class=\"ectbe-ev-day\">10<\/span>\r\n\t\t<span class=\"ectbe-ev-mo\">avril<\/span>\r\n\t\t<span class=\"ectbe-ev-yr\">2025<\/span><\/div><div class=\"ectbe-content-box\"><div class=\"ectbe-evt-title\"><a class=\"ectbe-evt-url\" href=\"https:\/\/www.keepcompany.fr\/fr\/event\/bourg-saint-andeol-la-cascade-07-%f0%9f%87%ab%f0%9f%87%b7-underfoot-representation-scolaire\/\">Bourg Saint Andeol, La Cascade (07) \ud83c\uddeb\ud83c\uddf7 - Underfoot (representation scolaire)<\/a><\/div><div class=\"ectbe-evt-time\"><i class=\"ectbe-icon-clock\"><\/i>All day<\/div><div class=\"ectbe-evt-description\"><\/div><\/div><div class=\"ectbe-evt-more-box\"><a class=\"ectbe-evt-read-more\" href=\"https:\/\/www.keepcompany.fr\/fr\/event\/bourg-saint-andeol-la-cascade-07-%f0%9f%87%ab%f0%9f%87%b7-underfoot-representation-scolaire\/\">En savoir plus<\/a><\/div><\/div><div id=\"event-3550\" class=\"ectbe-inner-wrapper ectbe-simple-event\"><div class=\"ectbe-date-area\">\r\n\t\t<span class=\"ectbe-ev-day\">26<\/span>\r\n\t\t<span class=\"ectbe-ev-mo\">novembre<\/span>\r\n\t\t<span class=\"ectbe-ev-yr\">2024<\/span><\/div><div class=\"ectbe-content-box\"><div class=\"ectbe-evt-title\"><a class=\"ectbe-evt-url\" href=\"https:\/\/www.keepcompany.fr\/fr\/event\/beaumont-monteux-26-arche-agglo-et-la-cascade-%f0%9f%87%ab%f0%9f%87%b7%ef%bc%8dunderfoot\/\">Beaumont-Monteux (26), Arche Agglo et La Cascade \ud83c\uddeb\ud83c\uddf7\uff0dUnderfoot<\/a><\/div><div class=\"ectbe-evt-time\"><i class=\"ectbe-icon-clock\"><\/i>8:00 am - 5:00 pm<\/div><div class=\"ectbe-evt-description\"><\/div><\/div><div class=\"ectbe-evt-more-box\"><a class=\"ectbe-evt-read-more\" href=\"https:\/\/www.keepcompany.fr\/fr\/event\/beaumont-monteux-26-arche-agglo-et-la-cascade-%f0%9f%87%ab%f0%9f%87%b7%ef%bc%8dunderfoot\/\">En savoir plus<\/a><\/div><\/div><div id=\"event-3405\" class=\"ectbe-inner-wrapper ectbe-simple-event\"><div class=\"ectbe-date-area\">\r\n\t\t<span class=\"ectbe-ev-day\">05<\/span>\r\n\t\t<span class=\"ectbe-ev-mo\">octobre<\/span>\r\n\t\t<span class=\"ectbe-ev-yr\">2024<\/span><\/div><div class=\"ectbe-content-box\"><div class=\"ectbe-evt-title\"><a class=\"ectbe-evt-url\" href=\"https:\/\/www.keepcompany.fr\/fr\/event\/la-scene-de-recherchesens-paris-saclay-91%f0%9f%87%ab%f0%9f%87%b7%ef%bc%8dunderfoot\/\">La Sc\u00e8ne de Recherches,ENS Paris-Saclay (91)\ud83c\uddeb\ud83c\uddf7\uff0dUnderfoot<\/a><\/div><div class=\"ectbe-evt-time\"><i class=\"ectbe-icon-clock\"><\/i>8:00 am - 5:00 pm<\/div><div class=\"ectbe-evt-description\"><\/div><\/div><div class=\"ectbe-evt-more-box\"><a class=\"ectbe-evt-read-more\" href=\"https:\/\/www.keepcompany.fr\/fr\/event\/la-scene-de-recherchesens-paris-saclay-91%f0%9f%87%ab%f0%9f%87%b7%ef%bc%8dunderfoot\/\">En savoir plus<\/a><\/div><\/div><div id=\"event-3407\" class=\"ectbe-inner-wrapper ectbe-simple-event\"><div class=\"ectbe-date-area\">\r\n\t\t<span class=\"ectbe-ev-day\">08<\/span>\r\n\t\t<span class=\"ectbe-ev-mo\">septembre<\/span>\r\n\t\t<span class=\"ectbe-ev-yr\">2024<\/span><\/div><div class=\"ectbe-content-box\"><div class=\"ectbe-evt-title\"><a class=\"ectbe-evt-url\" href=\"https:\/\/www.keepcompany.fr\/fr\/event\/picardie-forever-saint-pierre-les-bitry-60%f0%9f%87%ab%f0%9f%87%b7-underfoot\/\">Picardie Forever , Saint-Pierre-l\u00e8s-Bitry (60)\ud83c\uddeb\ud83c\uddf7- Underfoot<\/a><\/div><div class=\"ectbe-evt-time\"><i class=\"ectbe-icon-clock\"><\/i>8:00 am - 5:00 pm<\/div><div class=\"ectbe-evt-description\"><\/div><\/div><div class=\"ectbe-evt-more-box\"><a class=\"ectbe-evt-read-more\" href=\"https:\/\/www.keepcompany.fr\/fr\/event\/picardie-forever-saint-pierre-les-bitry-60%f0%9f%87%ab%f0%9f%87%b7-underfoot\/\">En savoir plus<\/a><\/div><\/div><div id=\"event-3409\" class=\"ectbe-inner-wrapper ectbe-simple-event\"><div class=\"ectbe-date-area\">\r\n\t\t<span class=\"ectbe-ev-day\">24<\/span>\r\n\t\t<span class=\"ectbe-ev-mo\">juillet<\/span>\r\n\t\t<span class=\"ectbe-ev-yr\">2024<\/span><span class=\"ectbe-ev-hyphon\"> - <\/span>\r\n\t\t\t<span class=\"ectbe-ev-day\">26<\/span>\r\n\t\t\t<span class=\"ectbe-ev-mo\">juillet<\/span>\r\n\t\t\t<span class=\"ectbe-ev-yr\">2024<\/span><\/div><div class=\"ectbe-content-box\"><div class=\"ectbe-evt-title\"><a class=\"ectbe-evt-url\" href=\"https:\/\/www.keepcompany.fr\/fr\/event\/festival-brocante-friscano%f0%9f%87%ae%f0%9f%87%b9-underfoot\/\">Festival Brocante , Friscano\ud83c\uddee\ud83c\uddf9- Underfoot<\/a><\/div><div class=\"ectbe-evt-time\"><i class=\"ectbe-icon-clock\"><\/i>juillet 24, 2024 - juillet 26, 2024<\/div><div class=\"ectbe-evt-description\"><\/div><\/div><div class=\"ectbe-evt-more-box\"><a class=\"ectbe-evt-read-more\" href=\"https:\/\/www.keepcompany.fr\/fr\/event\/festival-brocante-friscano%f0%9f%87%ae%f0%9f%87%b9-underfoot\/\">En savoir plus<\/a><\/div><\/div><div id=\"event-3413\" class=\"ectbe-inner-wrapper ectbe-simple-event\"><div class=\"ectbe-date-area\">\r\n\t\t<span class=\"ectbe-ev-day\">18<\/span>\r\n\t\t<span class=\"ectbe-ev-mo\">juillet<\/span>\r\n\t\t<span class=\"ectbe-ev-yr\">2024<\/span><\/div><div class=\"ectbe-content-box\"><div class=\"ectbe-evt-title\"><a class=\"ectbe-evt-url\" href=\"https:\/\/www.keepcompany.fr\/fr\/event\/maison-rouge-musee-des-vallees-cevenoles-saint-jean-du-gard%f0%9f%87%ab%f0%9f%87%b7-underfoot\/\">Maison Rouge - Mus\u00e9e des Vall\u00e9es C\u00e9venoles , Saint Jean du Gard\ud83c\uddeb\ud83c\uddf7- Underfoot<\/a><\/div><div class=\"ectbe-evt-time\"><i class=\"ectbe-icon-clock\"><\/i>8:00 am - 5:00 pm<\/div><div class=\"ectbe-evt-description\"><\/div><\/div><div class=\"ectbe-evt-more-box\"><a class=\"ectbe-evt-read-more\" href=\"https:\/\/www.keepcompany.fr\/fr\/event\/maison-rouge-musee-des-vallees-cevenoles-saint-jean-du-gard%f0%9f%87%ab%f0%9f%87%b7-underfoot\/\">En savoir plus<\/a><\/div><\/div><div id=\"event-3415\" class=\"ectbe-inner-wrapper ectbe-simple-event\"><div class=\"ectbe-date-area\">\r\n\t\t<span class=\"ectbe-ev-day\">10<\/span>\r\n\t\t<span class=\"ectbe-ev-mo\">juillet<\/span>\r\n\t\t<span class=\"ectbe-ev-yr\">2024<\/span><span class=\"ectbe-ev-hyphon\"> - <\/span>\r\n\t\t\t<span class=\"ectbe-ev-day\">14<\/span>\r\n\t\t\t<span class=\"ectbe-ev-mo\">juillet<\/span>\r\n\t\t\t<span class=\"ectbe-ev-yr\">2024<\/span><\/div><div class=\"ectbe-content-box\"><div class=\"ectbe-evt-title\"><a class=\"ectbe-evt-url\" href=\"https:\/\/www.keepcompany.fr\/fr\/event\/festival-dalba-alba-la-romaine-07%f0%9f%87%ab%f0%9f%87%b7-underfoot\/\">Festival d'Alba , Alba-la-Romaine (07)\ud83c\uddeb\ud83c\uddf7- Underfoot<\/a><\/div><div class=\"ectbe-evt-time\"><i class=\"ectbe-icon-clock\"><\/i>juillet 10, 2024 - juillet 14, 2024<\/div><div class=\"ectbe-evt-description\"><\/div><\/div><div class=\"ectbe-evt-more-box\"><a class=\"ectbe-evt-read-more\" href=\"https:\/\/www.keepcompany.fr\/fr\/event\/festival-dalba-alba-la-romaine-07%f0%9f%87%ab%f0%9f%87%b7-underfoot\/\">En savoir plus<\/a><\/div><\/div><div id=\"event-3417\" class=\"ectbe-inner-wrapper ectbe-simple-event\"><div class=\"ectbe-date-area\">\r\n\t\t<span class=\"ectbe-ev-day\">08<\/span>\r\n\t\t<span class=\"ectbe-ev-mo\">juin<\/span>\r\n\t\t<span class=\"ectbe-ev-yr\">2024<\/span><\/div><div class=\"ectbe-content-box\"><div class=\"ectbe-evt-title\"><a class=\"ectbe-evt-url\" href=\"https:\/\/www.keepcompany.fr\/fr\/event\/theatre-de-rungis-rungis-94%f0%9f%87%ab%f0%9f%87%b7-underfoot\/\">Th\u00e9\u00e2tre de Rungis , Rungis (94)\ud83c\uddeb\ud83c\uddf7- Underfoot<\/a><\/div><div class=\"ectbe-evt-time\"><i class=\"ectbe-icon-clock\"><\/i>8:00 am - 5:00 pm<\/div><div class=\"ectbe-evt-description\"><\/div><\/div><div class=\"ectbe-evt-more-box\"><a class=\"ectbe-evt-read-more\" href=\"https:\/\/www.keepcompany.fr\/fr\/event\/theatre-de-rungis-rungis-94%f0%9f%87%ab%f0%9f%87%b7-underfoot\/\">En savoir plus<\/a><\/div><\/div><div id=\"event-3419\" class=\"ectbe-inner-wrapper ectbe-simple-event\"><div class=\"ectbe-date-area\">\r\n\t\t<span class=\"ectbe-ev-day\">01<\/span>\r\n\t\t<span class=\"ectbe-ev-mo\">juin<\/span>\r\n\t\t<span class=\"ectbe-ev-yr\">2024<\/span><span class=\"ectbe-ev-hyphon\"> - <\/span>\r\n\t\t\t<span class=\"ectbe-ev-day\">02<\/span>\r\n\t\t\t<span class=\"ectbe-ev-mo\">juin<\/span>\r\n\t\t\t<span class=\"ectbe-ev-yr\">2024<\/span><\/div><div class=\"ectbe-content-box\"><div class=\"ectbe-evt-title\"><a class=\"ectbe-evt-url\" href=\"https:\/\/www.keepcompany.fr\/fr\/event\/festival-parades-nanterre-92%f0%9f%87%ab%f0%9f%87%b7-underfoot\/\">Festival Parade(s) , Nanterre (92)\ud83c\uddeb\ud83c\uddf7- Underfoot<\/a><\/div><div class=\"ectbe-evt-time\"><i class=\"ectbe-icon-clock\"><\/i>juin 1, 2024 - juin 2, 2024<\/div><div class=\"ectbe-evt-description\"><\/div><\/div><div class=\"ectbe-evt-more-box\"><a class=\"ectbe-evt-read-more\" href=\"https:\/\/www.keepcompany.fr\/fr\/event\/festival-parades-nanterre-92%f0%9f%87%ab%f0%9f%87%b7-underfoot\/\">En savoir plus<\/a><\/div><\/div><div id=\"event-3421\" class=\"ectbe-inner-wrapper ectbe-simple-event\"><div class=\"ectbe-date-area\">\r\n\t\t<span class=\"ectbe-ev-day\">30<\/span>\r\n\t\t<span class=\"ectbe-ev-mo\">mai<\/span>\r\n\t\t<span class=\"ectbe-ev-yr\">2024<\/span><\/div><div class=\"ectbe-content-box\"><div class=\"ectbe-evt-title\"><a class=\"ectbe-evt-url\" href=\"https:\/\/www.keepcompany.fr\/fr\/event\/domaine-du-pradel-mirabel-07%f0%9f%87%ab%f0%9f%87%b7-compost\/\">Domaine du Pradel , Mirabel (07)\ud83c\uddeb\ud83c\uddf7- Compost<\/a><\/div><div class=\"ectbe-evt-time\"><i class=\"ectbe-icon-clock\"><\/i>8:00 am - 5:00 pm<\/div><div class=\"ectbe-evt-description\"><\/div><\/div><div class=\"ectbe-evt-more-box\"><a class=\"ectbe-evt-read-more\" href=\"https:\/\/www.keepcompany.fr\/fr\/event\/domaine-du-pradel-mirabel-07%f0%9f%87%ab%f0%9f%87%b7-compost\/\">En savoir plus<\/a><\/div><\/div><div id=\"event-3423\" class=\"ectbe-inner-wrapper ectbe-simple-event\"><div class=\"ectbe-date-area\">\r\n\t\t<span class=\"ectbe-ev-day\">11<\/span>\r\n\t\t<span class=\"ectbe-ev-mo\">mai<\/span>\r\n\t\t<span class=\"ectbe-ev-yr\">2024<\/span><\/div><div class=\"ectbe-content-box\"><div class=\"ectbe-evt-title\"><a class=\"ectbe-evt-url\" href=\"https:\/\/www.keepcompany.fr\/fr\/event\/festival-des-ronds-dans-leau-trio-s-hennebont-56%f0%9f%87%ab%f0%9f%87%b7-underfoot\/\">Festival Des Ronds dans l'Eau - Trio-S , Hennebont (56)\ud83c\uddeb\ud83c\uddf7- Underfoot<\/a><\/div><div class=\"ectbe-evt-time\"><i class=\"ectbe-icon-clock\"><\/i>8:00 am - 5:00 pm<\/div><div class=\"ectbe-evt-description\"><\/div><\/div><div class=\"ectbe-evt-more-box\"><a class=\"ectbe-evt-read-more\" href=\"https:\/\/www.keepcompany.fr\/fr\/event\/festival-des-ronds-dans-leau-trio-s-hennebont-56%f0%9f%87%ab%f0%9f%87%b7-underfoot\/\">En savoir plus<\/a><\/div><\/div><div id=\"event-3425\" class=\"ectbe-inner-wrapper ectbe-simple-event\"><div class=\"ectbe-date-area\">\r\n\t\t<span class=\"ectbe-ev-day\">08<\/span>\r\n\t\t<span class=\"ectbe-ev-mo\">mai<\/span>\r\n\t\t<span class=\"ectbe-ev-yr\">2024<\/span><span class=\"ectbe-ev-hyphon\"> - <\/span>\r\n\t\t\t<span class=\"ectbe-ev-day\">09<\/span>\r\n\t\t\t<span class=\"ectbe-ev-mo\">mai<\/span>\r\n\t\t\t<span class=\"ectbe-ev-yr\">2024<\/span><\/div><div class=\"ectbe-content-box\"><div class=\"ectbe-evt-title\"><a class=\"ectbe-evt-url\" href=\"https:\/\/www.keepcompany.fr\/fr\/event\/festival-gare-au-gorille-le-carre-magique-premieres-lannion-22%f0%9f%87%ab%f0%9f%87%b7-underfoot\/\">Festival Gare au gorille - Le Carr\u00e9 Magique (premi\u00e8res) , Lannion (22)\ud83c\uddeb\ud83c\uddf7- Underfoot<\/a><\/div><div class=\"ectbe-evt-time\"><i class=\"ectbe-icon-clock\"><\/i>mai 8, 2024 - mai 9, 2024<\/div><div class=\"ectbe-evt-description\"><\/div><\/div><div class=\"ectbe-evt-more-box\"><a class=\"ectbe-evt-read-more\" href=\"https:\/\/www.keepcompany.fr\/fr\/event\/festival-gare-au-gorille-le-carre-magique-premieres-lannion-22%f0%9f%87%ab%f0%9f%87%b7-underfoot\/\">En savoir plus<\/a><\/div><\/div><div id=\"event-3427\" class=\"ectbe-inner-wrapper ectbe-simple-event\"><div class=\"ectbe-date-area\">\r\n\t\t<span class=\"ectbe-ev-day\">29<\/span>\r\n\t\t<span class=\"ectbe-ev-mo\">avril<\/span>\r\n\t\t<span class=\"ectbe-ev-yr\">2024<\/span><span class=\"ectbe-ev-hyphon\"> - <\/span>\r\n\t\t\t<span class=\"ectbe-ev-day\">07<\/span>\r\n\t\t\t<span class=\"ectbe-ev-mo\">mai<\/span>\r\n\t\t\t<span class=\"ectbe-ev-yr\">2024<\/span><\/div><div class=\"ectbe-content-box\"><div class=\"ectbe-evt-title\"><a class=\"ectbe-evt-url\" href=\"https:\/\/www.keepcompany.fr\/fr\/event\/le-carre-magique-pole-national-cirque-residency-lannion-22%f0%9f%87%ab%f0%9f%87%b7-underfoot\/\">Le Carr\u00e9 Magique - P\u00f4le National Cirque (residency) , Lannion (22)\ud83c\uddeb\ud83c\uddf7- Underfoot<\/a><\/div><div class=\"ectbe-evt-time\"><i class=\"ectbe-icon-clock\"><\/i>avril 29, 2024 - mai 7, 2024<\/div><div class=\"ectbe-evt-description\"><\/div><\/div><div class=\"ectbe-evt-more-box\"><a class=\"ectbe-evt-read-more\" href=\"https:\/\/www.keepcompany.fr\/fr\/event\/le-carre-magique-pole-national-cirque-residency-lannion-22%f0%9f%87%ab%f0%9f%87%b7-underfoot\/\">En savoir plus<\/a><\/div><\/div><div id=\"event-3429\" class=\"ectbe-inner-wrapper ectbe-simple-event\"><div class=\"ectbe-date-area\">\r\n\t\t<span class=\"ectbe-ev-day\">22<\/span>\r\n\t\t<span class=\"ectbe-ev-mo\">avril<\/span>\r\n\t\t<span class=\"ectbe-ev-yr\">2024<\/span><span class=\"ectbe-ev-hyphon\"> - <\/span>\r\n\t\t\t<span class=\"ectbe-ev-day\">26<\/span>\r\n\t\t\t<span class=\"ectbe-ev-mo\">avril<\/span>\r\n\t\t\t<span class=\"ectbe-ev-yr\">2024<\/span><\/div><div class=\"ectbe-content-box\"><div class=\"ectbe-evt-title\"><a class=\"ectbe-evt-url\" href=\"https:\/\/www.keepcompany.fr\/fr\/event\/la-gare-a-coulisses-residency-eurre-26%f0%9f%87%ab%f0%9f%87%b7-underfoot\/\">La Gare \u00e0 Coulisses (residency) , Eurre (26)\ud83c\uddeb\ud83c\uddf7- Underfoot<\/a><\/div><div class=\"ectbe-evt-time\"><i class=\"ectbe-icon-clock\"><\/i>avril 22, 2024 - avril 26, 2024<\/div><div class=\"ectbe-evt-description\"><\/div><\/div><div class=\"ectbe-evt-more-box\"><a class=\"ectbe-evt-read-more\" href=\"https:\/\/www.keepcompany.fr\/fr\/event\/la-gare-a-coulisses-residency-eurre-26%f0%9f%87%ab%f0%9f%87%b7-underfoot\/\">En savoir plus<\/a><\/div><\/div><div id=\"event-3431\" class=\"ectbe-inner-wrapper ectbe-simple-event\"><div class=\"ectbe-date-area\">\r\n\t\t<span class=\"ectbe-ev-day\">25<\/span>\r\n\t\t<span class=\"ectbe-ev-mo\">mars<\/span>\r\n\t\t<span class=\"ectbe-ev-yr\">2024<\/span><span class=\"ectbe-ev-hyphon\"> - <\/span>\r\n\t\t\t<span class=\"ectbe-ev-day\">05<\/span>\r\n\t\t\t<span class=\"ectbe-ev-mo\">avril<\/span>\r\n\t\t\t<span class=\"ectbe-ev-yr\">2024<\/span><\/div><div class=\"ectbe-content-box\"><div class=\"ectbe-evt-title\"><a class=\"ectbe-evt-url\" href=\"https:\/\/www.keepcompany.fr\/fr\/event\/la-verrerie-pole-national-cirque-residency-ales-30%f0%9f%87%ab%f0%9f%87%b7-underfoot\/\">La Verrerie - P\u00f4le National Cirque (residency) , Al\u00e8s (30)\ud83c\uddeb\ud83c\uddf7- Underfoot<\/a><\/div><div class=\"ectbe-evt-time\"><i class=\"ectbe-icon-clock\"><\/i>mars 25, 2024 - avril 5, 2024<\/div><div class=\"ectbe-evt-description\"><\/div><\/div><div class=\"ectbe-evt-more-box\"><a class=\"ectbe-evt-read-more\" href=\"https:\/\/www.keepcompany.fr\/fr\/event\/la-verrerie-pole-national-cirque-residency-ales-30%f0%9f%87%ab%f0%9f%87%b7-underfoot\/\">En savoir plus<\/a><\/div><\/div><div id=\"event-3433\" class=\"ectbe-inner-wrapper ectbe-simple-event\"><div class=\"ectbe-date-area\">\r\n\t\t<span class=\"ectbe-ev-day\">10<\/span>\r\n\t\t<span class=\"ectbe-ev-mo\">f\u00e9vrier<\/span>\r\n\t\t<span class=\"ectbe-ev-yr\">2024<\/span><span class=\"ectbe-ev-hyphon\"> - <\/span>\r\n\t\t\t<span class=\"ectbe-ev-day\">24<\/span>\r\n\t\t\t<span class=\"ectbe-ev-mo\">f\u00e9vrier<\/span>\r\n\t\t\t<span class=\"ectbe-ev-yr\">2024<\/span><\/div><div class=\"ectbe-content-box\"><div class=\"ectbe-evt-title\"><a class=\"ectbe-evt-url\" href=\"https:\/\/www.keepcompany.fr\/fr\/event\/le-theatre-de-rungis-residency-rungis-94%f0%9f%87%ab%f0%9f%87%b7-underfoot\/\">Le Th\u00e9\u00e2tre de Rungis (residency) , Rungis (94)\ud83c\uddeb\ud83c\uddf7- Underfoot<\/a><\/div><div class=\"ectbe-evt-time\"><i class=\"ectbe-icon-clock\"><\/i>f\u00e9vrier 10, 2024 - f\u00e9vrier 24, 2024<\/div><div class=\"ectbe-evt-description\"><\/div><\/div><div class=\"ectbe-evt-more-box\"><a class=\"ectbe-evt-read-more\" href=\"https:\/\/www.keepcompany.fr\/fr\/event\/le-theatre-de-rungis-residency-rungis-94%f0%9f%87%ab%f0%9f%87%b7-underfoot\/\">En savoir plus<\/a><\/div><\/div><div id=\"event-3435\" class=\"ectbe-inner-wrapper ectbe-simple-event\"><div class=\"ectbe-date-area\">\r\n\t\t<span class=\"ectbe-ev-day\">15<\/span>\r\n\t\t<span class=\"ectbe-ev-mo\">janvier<\/span>\r\n\t\t<span class=\"ectbe-ev-yr\">2024<\/span><span class=\"ectbe-ev-hyphon\"> - <\/span>\r\n\t\t\t<span class=\"ectbe-ev-day\">26<\/span>\r\n\t\t\t<span class=\"ectbe-ev-mo\">janvier<\/span>\r\n\t\t\t<span class=\"ectbe-ev-yr\">2024<\/span><\/div><div class=\"ectbe-content-box\"><div class=\"ectbe-evt-title\"><a class=\"ectbe-evt-url\" href=\"https:\/\/www.keepcompany.fr\/fr\/event\/le-carre-magique-pole-national-cirque-residency-lannion-22%f0%9f%87%ab%f0%9f%87%b7-underfoot-2\/\">Le Carr\u00e9 Magique - P\u00f4le National Cirque (residency) , Lannion (22)\ud83c\uddeb\ud83c\uddf7- Underfoot<\/a><\/div><div class=\"ectbe-evt-time\"><i class=\"ectbe-icon-clock\"><\/i>janvier 15, 2024 - janvier 26, 2024<\/div><div class=\"ectbe-evt-description\"><\/div><\/div><div class=\"ectbe-evt-more-box\"><a class=\"ectbe-evt-read-more\" href=\"https:\/\/www.keepcompany.fr\/fr\/event\/le-carre-magique-pole-national-cirque-residency-lannion-22%f0%9f%87%ab%f0%9f%87%b7-underfoot-2\/\">En savoir plus<\/a><\/div><\/div><div id=\"event-3437\" class=\"ectbe-inner-wrapper ectbe-simple-event\"><div class=\"ectbe-date-area\">\r\n\t\t<span class=\"ectbe-ev-day\">26<\/span>\r\n\t\t<span class=\"ectbe-ev-mo\">novembre<\/span>\r\n\t\t<span class=\"ectbe-ev-yr\">2023<\/span><span class=\"ectbe-ev-hyphon\"> - <\/span>\r\n\t\t\t<span class=\"ectbe-ev-day\">07<\/span>\r\n\t\t\t<span class=\"ectbe-ev-mo\">d\u00e9cembre<\/span>\r\n\t\t\t<span class=\"ectbe-ev-yr\">2023<\/span><\/div><div class=\"ectbe-content-box\"><div class=\"ectbe-evt-title\"><a class=\"ectbe-evt-url\" href=\"https:\/\/www.keepcompany.fr\/fr\/event\/la-central-del-circ-residency-barcelona%f0%9f%87%aa%f0%9f%87%b8-underfoot\/\">La Central del Circ (residency) , Barcelona\ud83c\uddea\ud83c\uddf8- Underfoot<\/a><\/div><div class=\"ectbe-evt-time\"><i class=\"ectbe-icon-clock\"><\/i>novembre 26, 2023 - d\u00e9cembre 7, 2023<\/div><div class=\"ectbe-evt-description\"><\/div><\/div><div class=\"ectbe-evt-more-box\"><a class=\"ectbe-evt-read-more\" href=\"https:\/\/www.keepcompany.fr\/fr\/event\/la-central-del-circ-residency-barcelona%f0%9f%87%aa%f0%9f%87%b8-underfoot\/\">En savoir plus<\/a><\/div><\/div><div id=\"event-3439\" class=\"ectbe-inner-wrapper ectbe-simple-event\"><div class=\"ectbe-date-area\">\r\n\t\t<span class=\"ectbe-ev-day\">05<\/span>\r\n\t\t<span class=\"ectbe-ev-mo\">novembre<\/span>\r\n\t\t<span class=\"ectbe-ev-yr\">2023<\/span><span class=\"ectbe-ev-hyphon\"> - <\/span>\r\n\t\t\t<span class=\"ectbe-ev-day\">15<\/span>\r\n\t\t\t<span class=\"ectbe-ev-mo\">novembre<\/span>\r\n\t\t\t<span class=\"ectbe-ev-yr\">2023<\/span><\/div><div class=\"ectbe-content-box\"><div class=\"ectbe-evt-title\"><a class=\"ectbe-evt-url\" href=\"https:\/\/www.keepcompany.fr\/fr\/event\/la-gare-a-coulisses-residency-eurre-26%f0%9f%87%ab%f0%9f%87%b7-underfoot-2\/\">La Gare \u00e0 Coulisses (residency) , Eurre (26)\ud83c\uddeb\ud83c\uddf7- Underfoot<\/a><\/div><div class=\"ectbe-evt-time\"><i class=\"ectbe-icon-clock\"><\/i>novembre 5, 2023 - novembre 15, 2023<\/div><div class=\"ectbe-evt-description\"><\/div><\/div><div class=\"ectbe-evt-more-box\"><a class=\"ectbe-evt-read-more\" href=\"https:\/\/www.keepcompany.fr\/fr\/event\/la-gare-a-coulisses-residency-eurre-26%f0%9f%87%ab%f0%9f%87%b7-underfoot-2\/\">En savoir plus<\/a><\/div><\/div><div id=\"event-3441\" class=\"ectbe-inner-wrapper ectbe-simple-event\"><div class=\"ectbe-date-area\">\r\n\t\t<span class=\"ectbe-ev-day\">10<\/span>\r\n\t\t<span class=\"ectbe-ev-mo\">octobre<\/span>\r\n\t\t<span class=\"ectbe-ev-yr\">2023<\/span><span class=\"ectbe-ev-hyphon\"> - <\/span>\r\n\t\t\t<span class=\"ectbe-ev-day\">20<\/span>\r\n\t\t\t<span class=\"ectbe-ev-mo\">octobre<\/span>\r\n\t\t\t<span class=\"ectbe-ev-yr\">2023<\/span><\/div><div class=\"ectbe-content-box\"><div class=\"ectbe-evt-title\"><a class=\"ectbe-evt-url\" href=\"https:\/\/www.keepcompany.fr\/fr\/event\/la-cascade-pole-national-cirque-residency-bourg-saint-andeol%f0%9f%87%ab%f0%9f%87%b7-underfoot\/\">La Cascade - P\u00f4le National Cirque (residency) , Bourg Saint Andeol\ud83c\uddeb\ud83c\uddf7- Underfoot<\/a><\/div><div class=\"ectbe-evt-time\"><i class=\"ectbe-icon-clock\"><\/i>octobre 10, 2023 - octobre 20, 2023<\/div><div class=\"ectbe-evt-description\"><\/div><\/div><div class=\"ectbe-evt-more-box\"><a class=\"ectbe-evt-read-more\" href=\"https:\/\/www.keepcompany.fr\/fr\/event\/la-cascade-pole-national-cirque-residency-bourg-saint-andeol%f0%9f%87%ab%f0%9f%87%b7-underfoot\/\">En savoir plus<\/a><\/div><\/div><div id=\"event-3519\" class=\"ectbe-inner-wrapper ectbe-simple-event\"><div class=\"ectbe-date-area\">\r\n\t\t<span class=\"ectbe-ev-day\">25<\/span>\r\n\t\t<span class=\"ectbe-ev-mo\">septembre<\/span>\r\n\t\t<span class=\"ectbe-ev-yr\">2023<\/span><span class=\"ectbe-ev-hyphon\"> - <\/span>\r\n\t\t\t<span class=\"ectbe-ev-day\">29<\/span>\r\n\t\t\t<span class=\"ectbe-ev-mo\">septembre<\/span>\r\n\t\t\t<span class=\"ectbe-ev-yr\">2023<\/span><\/div><div class=\"ectbe-content-box\"><div class=\"ectbe-evt-title\"><a class=\"ectbe-evt-url\" href=\"https:\/\/www.keepcompany.fr\/fr\/event\/can-gabarra-residency-dosrius%f0%9f%87%aa%f0%9f%87%b8-underfoot\/\">Can Gabarra (residency) , Dosrius\ud83c\uddea\ud83c\uddf8- Underfoot<\/a><\/div><div class=\"ectbe-evt-time\"><i class=\"ectbe-icon-clock\"><\/i>septembre 25, 2023 - septembre 29, 2023<\/div><div class=\"ectbe-evt-description\"><\/div><\/div><div class=\"ectbe-evt-more-box\"><a class=\"ectbe-evt-read-more\" href=\"https:\/\/www.keepcompany.fr\/fr\/event\/can-gabarra-residency-dosrius%f0%9f%87%aa%f0%9f%87%b8-underfoot\/\">En savoir plus<\/a><\/div><\/div><div id=\"event-3517\" class=\"ectbe-inner-wrapper ectbe-simple-event\"><div class=\"ectbe-date-area\">\r\n\t\t<span class=\"ectbe-ev-day\">10<\/span>\r\n\t\t<span class=\"ectbe-ev-mo\">septembre<\/span>\r\n\t\t<span class=\"ectbe-ev-yr\">2023<\/span><\/div><div class=\"ectbe-content-box\"><div class=\"ectbe-evt-title\"><a class=\"ectbe-evt-url\" href=\"https:\/\/www.keepcompany.fr\/fr\/event\/jardins-en-scene-picardie-forever-saint-pierre-les-bitry-60%f0%9f%87%ab%f0%9f%87%b7-compost\/\">Jardins en Sc\u00e8ne - Picardie Forever , Saint-Pierre-l\u00e8s-Bitry (60)\ud83c\uddeb\ud83c\uddf7- Compost<\/a><\/div><div class=\"ectbe-evt-time\"><i class=\"ectbe-icon-clock\"><\/i>8:00 am - 5:00 pm<\/div><div class=\"ectbe-evt-description\"><\/div><\/div><div class=\"ectbe-evt-more-box\"><a class=\"ectbe-evt-read-more\" href=\"https:\/\/www.keepcompany.fr\/fr\/event\/jardins-en-scene-picardie-forever-saint-pierre-les-bitry-60%f0%9f%87%ab%f0%9f%87%b7-compost\/\">En savoir plus<\/a><\/div><\/div><div id=\"event-3515\" class=\"ectbe-inner-wrapper ectbe-simple-event\"><div class=\"ectbe-date-area\">\r\n\t\t<span class=\"ectbe-ev-day\">15<\/span>\r\n\t\t<span class=\"ectbe-ev-mo\">juillet<\/span>\r\n\t\t<span class=\"ectbe-ev-yr\">2023<\/span><\/div><div class=\"ectbe-content-box\"><div class=\"ectbe-evt-title\"><a class=\"ectbe-evt-url\" href=\"https:\/\/www.keepcompany.fr\/fr\/event\/sham-spectacles-drancy-93%f0%9f%87%ab%f0%9f%87%b7-compost\/\">SHAM Spectacles , Drancy (93)\ud83c\uddeb\ud83c\uddf7- Compost<\/a><\/div><div class=\"ectbe-evt-time\"><i class=\"ectbe-icon-clock\"><\/i>8:00 am - 5:00 pm<\/div><div class=\"ectbe-evt-description\"><\/div><\/div><div class=\"ectbe-evt-more-box\"><a class=\"ectbe-evt-read-more\" href=\"https:\/\/www.keepcompany.fr\/fr\/event\/sham-spectacles-drancy-93%f0%9f%87%ab%f0%9f%87%b7-compost\/\">En savoir plus<\/a><\/div><\/div><div id=\"event-3513\" class=\"ectbe-inner-wrapper ectbe-simple-event\"><div class=\"ectbe-date-area\">\r\n\t\t<span class=\"ectbe-ev-day\">14<\/span>\r\n\t\t<span class=\"ectbe-ev-mo\">juillet<\/span>\r\n\t\t<span class=\"ectbe-ev-yr\">2023<\/span><\/div><div class=\"ectbe-content-box\"><div class=\"ectbe-evt-title\"><a class=\"ectbe-evt-url\" href=\"https:\/\/www.keepcompany.fr\/fr\/event\/eclats-de-rue-caen-14%f0%9f%87%ab%f0%9f%87%b7-compost\/\">Eclat(s) de Rue , Caen (14)\ud83c\uddeb\ud83c\uddf7- Compost<\/a><\/div><div class=\"ectbe-evt-time\"><i class=\"ectbe-icon-clock\"><\/i>8:00 am - 5:00 pm<\/div><div class=\"ectbe-evt-description\"><\/div><\/div><div class=\"ectbe-evt-more-box\"><a class=\"ectbe-evt-read-more\" href=\"https:\/\/www.keepcompany.fr\/fr\/event\/eclats-de-rue-caen-14%f0%9f%87%ab%f0%9f%87%b7-compost\/\">En savoir plus<\/a><\/div><\/div><div id=\"event-3511\" class=\"ectbe-inner-wrapper ectbe-simple-event\"><div class=\"ectbe-date-area\">\r\n\t\t<span class=\"ectbe-ev-day\">12<\/span>\r\n\t\t<span class=\"ectbe-ev-mo\">juillet<\/span>\r\n\t\t<span class=\"ectbe-ev-yr\">2023<\/span><\/div><div class=\"ectbe-content-box\"><div class=\"ectbe-evt-title\"><a class=\"ectbe-evt-url\" href=\"https:\/\/www.keepcompany.fr\/fr\/event\/eaubonne-eaubonne-95%f0%9f%87%ab%f0%9f%87%b7-compost\/\">Eaubonne , Eaubonne (95)\ud83c\uddeb\ud83c\uddf7- Compost<\/a><\/div><div class=\"ectbe-evt-time\"><i class=\"ectbe-icon-clock\"><\/i>8:00 am - 5:00 pm<\/div><div class=\"ectbe-evt-description\"><\/div><\/div><div class=\"ectbe-evt-more-box\"><a class=\"ectbe-evt-read-more\" href=\"https:\/\/www.keepcompany.fr\/fr\/event\/eaubonne-eaubonne-95%f0%9f%87%ab%f0%9f%87%b7-compost\/\">En savoir plus<\/a><\/div><\/div><div id=\"event-3508\" class=\"ectbe-inner-wrapper ectbe-simple-event\"><div class=\"ectbe-date-area\">\r\n\t\t<span class=\"ectbe-ev-day\">14<\/span>\r\n\t\t<span class=\"ectbe-ev-mo\">juin<\/span>\r\n\t\t<span class=\"ectbe-ev-yr\">2023<\/span><\/div><div class=\"ectbe-content-box\"><div class=\"ectbe-evt-title\"><a class=\"ectbe-evt-url\" href=\"https:\/\/www.keepcompany.fr\/fr\/event\/can-gabarra-work-in-progress-dosrius%f0%9f%87%aa%f0%9f%87%b8-underfoot\/\">Can Gabarra (work in progress) , Dosrius\ud83c\uddea\ud83c\uddf8- Underfoot<\/a><\/div><div class=\"ectbe-evt-time\"><i class=\"ectbe-icon-clock\"><\/i>8:00 am - 5:00 pm<\/div><div class=\"ectbe-evt-description\"><\/div><\/div><div class=\"ectbe-evt-more-box\"><a class=\"ectbe-evt-read-more\" href=\"https:\/\/www.keepcompany.fr\/fr\/event\/can-gabarra-work-in-progress-dosrius%f0%9f%87%aa%f0%9f%87%b8-underfoot\/\">En savoir plus<\/a><\/div><\/div><div id=\"event-3506\" class=\"ectbe-inner-wrapper ectbe-simple-event\"><div class=\"ectbe-date-area\">\r\n\t\t<span class=\"ectbe-ev-day\">02<\/span>\r\n\t\t<span class=\"ectbe-ev-mo\">juin<\/span>\r\n\t\t<span class=\"ectbe-ev-yr\">2023<\/span><\/div><div class=\"ectbe-content-box\"><div class=\"ectbe-evt-title\"><a class=\"ectbe-evt-url\" href=\"https:\/\/www.keepcompany.fr\/fr\/event\/fringe-arts-work-in-progress-philadelphia-underfoot\/\">Fringe Arts (work in progress) , Philadelphia - Underfoot<\/a><\/div><div class=\"ectbe-evt-time\"><i class=\"ectbe-icon-clock\"><\/i>8:00 am - 5:00 pm<\/div><div class=\"ectbe-evt-description\"><\/div><\/div><div class=\"ectbe-evt-more-box\"><a class=\"ectbe-evt-read-more\" href=\"https:\/\/www.keepcompany.fr\/fr\/event\/fringe-arts-work-in-progress-philadelphia-underfoot\/\">En savoir plus<\/a><\/div><\/div><div id=\"event-3504\" class=\"ectbe-inner-wrapper ectbe-simple-event\"><div class=\"ectbe-date-area\">\r\n\t\t<span class=\"ectbe-ev-day\">27<\/span>\r\n\t\t<span class=\"ectbe-ev-mo\">mai<\/span>\r\n\t\t<span class=\"ectbe-ev-yr\">2023<\/span><\/div><div class=\"ectbe-content-box\"><div class=\"ectbe-evt-title\"><a class=\"ectbe-evt-url\" href=\"https:\/\/www.keepcompany.fr\/fr\/event\/fitfest-philadelphia-compost\/\">FitFest , Philadelphia - Compost<\/a><\/div><div class=\"ectbe-evt-time\"><i class=\"ectbe-icon-clock\"><\/i>8:00 am - 5:00 pm<\/div><div class=\"ectbe-evt-description\"><\/div><\/div><div class=\"ectbe-evt-more-box\"><a class=\"ectbe-evt-read-more\" href=\"https:\/\/www.keepcompany.fr\/fr\/event\/fitfest-philadelphia-compost\/\">En savoir plus<\/a><\/div><\/div><div id=\"event-3502\" class=\"ectbe-inner-wrapper ectbe-simple-event\"><div class=\"ectbe-date-area\">\r\n\t\t<span class=\"ectbe-ev-day\">06<\/span>\r\n\t\t<span class=\"ectbe-ev-mo\">mai<\/span>\r\n\t\t<span class=\"ectbe-ev-yr\">2023<\/span><span class=\"ectbe-ev-hyphon\"> - <\/span>\r\n\t\t\t<span class=\"ectbe-ev-day\">17<\/span>\r\n\t\t\t<span class=\"ectbe-ev-mo\">mai<\/span>\r\n\t\t\t<span class=\"ectbe-ev-yr\">2023<\/span><\/div><div class=\"ectbe-content-box\"><div class=\"ectbe-evt-title\"><a class=\"ectbe-evt-url\" href=\"https:\/\/www.keepcompany.fr\/fr\/event\/les-noctambules-residency-nanterre-94%f0%9f%87%ab%f0%9f%87%b7-underfoot\/\">Les Noctambules (residency) , Nanterre (94)\ud83c\uddeb\ud83c\uddf7- Underfoot<\/a><\/div><div class=\"ectbe-evt-time\"><i class=\"ectbe-icon-clock\"><\/i>mai 6, 2023 - mai 17, 2023<\/div><div class=\"ectbe-evt-description\"><\/div><\/div><div class=\"ectbe-evt-more-box\"><a class=\"ectbe-evt-read-more\" href=\"https:\/\/www.keepcompany.fr\/fr\/event\/les-noctambules-residency-nanterre-94%f0%9f%87%ab%f0%9f%87%b7-underfoot\/\">En savoir plus<\/a><\/div><\/div><div id=\"event-3500\" class=\"ectbe-inner-wrapper ectbe-simple-event\"><div class=\"ectbe-date-area\">\r\n\t\t<span class=\"ectbe-ev-day\">04<\/span>\r\n\t\t<span class=\"ectbe-ev-mo\">mai<\/span>\r\n\t\t<span class=\"ectbe-ev-yr\">2023<\/span><\/div><div class=\"ectbe-content-box\"><div class=\"ectbe-evt-title\"><a class=\"ectbe-evt-url\" href=\"https:\/\/www.keepcompany.fr\/fr\/event\/festival-inacabat-work-in-progress-alcudia%f0%9f%87%aa%f0%9f%87%b8-underfoot\/\">Festival In\u2019acabat (work in progress) , Alcudia\ud83c\uddea\ud83c\uddf8- Underfoot<\/a><\/div><div class=\"ectbe-evt-time\"><i class=\"ectbe-icon-clock\"><\/i>8:00 am - 5:00 pm<\/div><div class=\"ectbe-evt-description\"><\/div><\/div><div class=\"ectbe-evt-more-box\"><a class=\"ectbe-evt-read-more\" href=\"https:\/\/www.keepcompany.fr\/fr\/event\/festival-inacabat-work-in-progress-alcudia%f0%9f%87%aa%f0%9f%87%b8-underfoot\/\">En savoir plus<\/a><\/div><\/div><div id=\"event-3498\" class=\"ectbe-inner-wrapper ectbe-simple-event\"><div class=\"ectbe-date-area\">\r\n\t\t<span class=\"ectbe-ev-day\">16<\/span>\r\n\t\t<span class=\"ectbe-ev-mo\">avril<\/span>\r\n\t\t<span class=\"ectbe-ev-yr\">2023<\/span><span class=\"ectbe-ev-hyphon\"> - <\/span>\r\n\t\t\t<span class=\"ectbe-ev-day\">27<\/span>\r\n\t\t\t<span class=\"ectbe-ev-mo\">avril<\/span>\r\n\t\t\t<span class=\"ectbe-ev-yr\">2023<\/span><\/div><div class=\"ectbe-content-box\"><div class=\"ectbe-evt-title\"><a class=\"ectbe-evt-url\" href=\"https:\/\/www.keepcompany.fr\/fr\/event\/la-central-del-circ-residency-barcelona%f0%9f%87%aa%f0%9f%87%b8-underfoot-2\/\">La Central del Circ (residency) , Barcelona\ud83c\uddea\ud83c\uddf8- Underfoot<\/a><\/div><div class=\"ectbe-evt-time\"><i class=\"ectbe-icon-clock\"><\/i>avril 16, 2023 - avril 27, 2023<\/div><div class=\"ectbe-evt-description\"><\/div><\/div><div class=\"ectbe-evt-more-box\"><a class=\"ectbe-evt-read-more\" href=\"https:\/\/www.keepcompany.fr\/fr\/event\/la-central-del-circ-residency-barcelona%f0%9f%87%aa%f0%9f%87%b8-underfoot-2\/\">En savoir plus<\/a><\/div><\/div><div id=\"event-3496\" class=\"ectbe-inner-wrapper ectbe-simple-event\"><div class=\"ectbe-date-area\">\r\n\t\t<span class=\"ectbe-ev-day\">09<\/span>\r\n\t\t<span class=\"ectbe-ev-mo\">avril<\/span>\r\n\t\t<span class=\"ectbe-ev-yr\">2023<\/span><span class=\"ectbe-ev-hyphon\"> - <\/span>\r\n\t\t\t<span class=\"ectbe-ev-day\">10<\/span>\r\n\t\t\t<span class=\"ectbe-ev-mo\">avril<\/span>\r\n\t\t\t<span class=\"ectbe-ev-yr\">2023<\/span><\/div><div class=\"ectbe-content-box\"><div class=\"ectbe-evt-title\"><a class=\"ectbe-evt-url\" href=\"https:\/\/www.keepcompany.fr\/fr\/event\/paques-au-pont-pont-du-gard-30%f0%9f%87%ab%f0%9f%87%b7-compost\/\">P\u00e2ques au Pont , Pont du Gard (30)\ud83c\uddeb\ud83c\uddf7- Compost<\/a><\/div><div class=\"ectbe-evt-time\"><i class=\"ectbe-icon-clock\"><\/i>avril 9, 2023 - avril 10, 2023<\/div><div class=\"ectbe-evt-description\"><\/div><\/div><div class=\"ectbe-evt-more-box\"><a class=\"ectbe-evt-read-more\" href=\"https:\/\/www.keepcompany.fr\/fr\/event\/paques-au-pont-pont-du-gard-30%f0%9f%87%ab%f0%9f%87%b7-compost\/\">En savoir plus<\/a><\/div><\/div><div id=\"event-3494\" class=\"ectbe-inner-wrapper ectbe-simple-event\"><div class=\"ectbe-date-area\">\r\n\t\t<span class=\"ectbe-ev-day\">15<\/span>\r\n\t\t<span class=\"ectbe-ev-mo\">juillet<\/span>\r\n\t\t<span class=\"ectbe-ev-yr\">2022<\/span><\/div><div class=\"ectbe-content-box\"><div class=\"ectbe-evt-title\"><a class=\"ectbe-evt-url\" href=\"https:\/\/www.keepcompany.fr\/fr\/event\/lete-sera-lons-lons-le-saunier-39%f0%9f%87%ab%f0%9f%87%b7-compost\/\">L\u2019\u00e9t\u00e9 Sera Lons , Lons-le-Saunier (39)\ud83c\uddeb\ud83c\uddf7- Compost<\/a><\/div><div class=\"ectbe-evt-time\"><i class=\"ectbe-icon-clock\"><\/i>8:00 am - 5:00 pm<\/div><div class=\"ectbe-evt-description\"><\/div><\/div><div class=\"ectbe-evt-more-box\"><a class=\"ectbe-evt-read-more\" href=\"https:\/\/www.keepcompany.fr\/fr\/event\/lete-sera-lons-lons-le-saunier-39%f0%9f%87%ab%f0%9f%87%b7-compost\/\">En savoir plus<\/a><\/div><\/div><div id=\"event-3492\" class=\"ectbe-inner-wrapper ectbe-simple-event\"><div class=\"ectbe-date-area\">\r\n\t\t<span class=\"ectbe-ev-day\">08<\/span>\r\n\t\t<span class=\"ectbe-ev-mo\">juillet<\/span>\r\n\t\t<span class=\"ectbe-ev-yr\">2022<\/span><\/div><div class=\"ectbe-content-box\"><div class=\"ectbe-evt-title\"><a class=\"ectbe-evt-url\" href=\"https:\/\/www.keepcompany.fr\/fr\/event\/ville-de-aubervilliers-aubervilliers-93%f0%9f%87%ab%f0%9f%87%b7-compost\/\">Ville de Aubervilliers , Aubervilliers (93)\ud83c\uddeb\ud83c\uddf7- Compost<\/a><\/div><div class=\"ectbe-evt-time\"><i class=\"ectbe-icon-clock\"><\/i>8:00 am - 5:00 pm<\/div><div class=\"ectbe-evt-description\"><\/div><\/div><div class=\"ectbe-evt-more-box\"><a class=\"ectbe-evt-read-more\" href=\"https:\/\/www.keepcompany.fr\/fr\/event\/ville-de-aubervilliers-aubervilliers-93%f0%9f%87%ab%f0%9f%87%b7-compost\/\">En savoir plus<\/a><\/div><\/div><div id=\"event-3490\" class=\"ectbe-inner-wrapper ectbe-simple-event\"><div class=\"ectbe-date-area\">\r\n\t\t<span class=\"ectbe-ev-day\">03<\/span>\r\n\t\t<span class=\"ectbe-ev-mo\">juillet<\/span>\r\n\t\t<span class=\"ectbe-ev-yr\">2022<\/span><\/div><div class=\"ectbe-content-box\"><div class=\"ectbe-evt-title\"><a class=\"ectbe-evt-url\" href=\"https:\/\/www.keepcompany.fr\/fr\/event\/cirque-au-leon-santec-29%f0%9f%87%ab%f0%9f%87%b7-compost\/\">Cirque au Leon , Santec (29)\ud83c\uddeb\ud83c\uddf7- Compost<\/a><\/div><div class=\"ectbe-evt-time\"><i class=\"ectbe-icon-clock\"><\/i>8:00 am - 5:00 pm<\/div><div class=\"ectbe-evt-description\"><\/div><\/div><div class=\"ectbe-evt-more-box\"><a class=\"ectbe-evt-read-more\" href=\"https:\/\/www.keepcompany.fr\/fr\/event\/cirque-au-leon-santec-29%f0%9f%87%ab%f0%9f%87%b7-compost\/\">En savoir plus<\/a><\/div><\/div><div id=\"event-3488\" class=\"ectbe-inner-wrapper ectbe-simple-event\"><div class=\"ectbe-date-area\">\r\n\t\t<span class=\"ectbe-ev-day\">27<\/span>\r\n\t\t<span class=\"ectbe-ev-mo\">juin<\/span>\r\n\t\t<span class=\"ectbe-ev-yr\">2022<\/span><\/div><div class=\"ectbe-content-box\"><div class=\"ectbe-evt-title\"><a class=\"ectbe-evt-url\" href=\"https:\/\/www.keepcompany.fr\/fr\/event\/festival-bilboko-kalealdia-bilbao%f0%9f%87%aa%f0%9f%87%b8-compost\/\">Festival Bilboko Kalealdia , Bilbao\ud83c\uddea\ud83c\uddf8- Compost<\/a><\/div><div class=\"ectbe-evt-time\"><i class=\"ectbe-icon-clock\"><\/i>8:00 am - 5:00 pm<\/div><div class=\"ectbe-evt-description\"><\/div><\/div><div class=\"ectbe-evt-more-box\"><a class=\"ectbe-evt-read-more\" href=\"https:\/\/www.keepcompany.fr\/fr\/event\/festival-bilboko-kalealdia-bilbao%f0%9f%87%aa%f0%9f%87%b8-compost\/\">En savoir plus<\/a><\/div><\/div><div id=\"event-3486\" class=\"ectbe-inner-wrapper ectbe-simple-event\"><div class=\"ectbe-date-area\">\r\n\t\t<span class=\"ectbe-ev-day\">19<\/span>\r\n\t\t<span class=\"ectbe-ev-mo\">juin<\/span>\r\n\t\t<span class=\"ectbe-ev-yr\">2022<\/span><\/div><div class=\"ectbe-content-box\"><div class=\"ectbe-evt-title\"><a class=\"ectbe-evt-url\" href=\"https:\/\/www.keepcompany.fr\/fr\/event\/garaion-sorgingunea-otaza%f0%9f%87%aa%f0%9f%87%b8-compost\/\">Garaion Sorgingunea , Otaza\ud83c\uddea\ud83c\uddf8- Compost<\/a><\/div><div class=\"ectbe-evt-time\"><i class=\"ectbe-icon-clock\"><\/i>8:00 am - 5:00 pm<\/div><div class=\"ectbe-evt-description\"><\/div><\/div><div class=\"ectbe-evt-more-box\"><a class=\"ectbe-evt-read-more\" href=\"https:\/\/www.keepcompany.fr\/fr\/event\/garaion-sorgingunea-otaza%f0%9f%87%aa%f0%9f%87%b8-compost\/\">En savoir plus<\/a><\/div><\/div><div id=\"event-3484\" class=\"ectbe-inner-wrapper ectbe-simple-event\"><div class=\"ectbe-date-area\">\r\n\t\t<span class=\"ectbe-ev-day\">09<\/span>\r\n\t\t<span class=\"ectbe-ev-mo\">juillet<\/span>\r\n\t\t<span class=\"ectbe-ev-yr\">2021<\/span><\/div><div class=\"ectbe-content-box\"><div class=\"ectbe-evt-title\"><a class=\"ectbe-evt-url\" href=\"https:\/\/www.keepcompany.fr\/fr\/event\/ciam-centre-international-des-arts-en-mouvement-aix-en-provence-13%f0%9f%87%ab%f0%9f%87%b7-compost\/\">CIAM Centre International des Arts en Mouvement , Aix en Provence (13)\ud83c\uddeb\ud83c\uddf7- Compost<\/a><\/div><div class=\"ectbe-evt-time\"><i class=\"ectbe-icon-clock\"><\/i>8:00 am - 5:00 pm<\/div><div class=\"ectbe-evt-description\"><\/div><\/div><div class=\"ectbe-evt-more-box\"><a class=\"ectbe-evt-read-more\" href=\"https:\/\/www.keepcompany.fr\/fr\/event\/ciam-centre-international-des-arts-en-mouvement-aix-en-provence-13%f0%9f%87%ab%f0%9f%87%b7-compost\/\">En savoir plus<\/a><\/div><\/div><div id=\"event-3482\" class=\"ectbe-inner-wrapper ectbe-simple-event\"><div class=\"ectbe-date-area\">\r\n\t\t<span class=\"ectbe-ev-day\">19<\/span>\r\n\t\t<span class=\"ectbe-ev-mo\">juin<\/span>\r\n\t\t<span class=\"ectbe-ev-yr\">2021<\/span><span class=\"ectbe-ev-hyphon\"> - <\/span>\r\n\t\t\t<span class=\"ectbe-ev-day\">20<\/span>\r\n\t\t\t<span class=\"ectbe-ev-mo\">juin<\/span>\r\n\t\t\t<span class=\"ectbe-ev-yr\">2021<\/span><\/div><div class=\"ectbe-content-box\"><div class=\"ectbe-evt-title\"><a class=\"ectbe-evt-url\" href=\"https:\/\/www.keepcompany.fr\/fr\/event\/le-mans-fait-son-cirque-le-mans-72%f0%9f%87%ab%f0%9f%87%b7-compost\/\">Le Mans Fait Son Cirque , Le Mans (72)\ud83c\uddeb\ud83c\uddf7- Compost<\/a><\/div><div class=\"ectbe-evt-time\"><i class=\"ectbe-icon-clock\"><\/i>juin 19, 2021 - juin 20, 2021<\/div><div class=\"ectbe-evt-description\"><\/div><\/div><div class=\"ectbe-evt-more-box\"><a class=\"ectbe-evt-read-more\" href=\"https:\/\/www.keepcompany.fr\/fr\/event\/le-mans-fait-son-cirque-le-mans-72%f0%9f%87%ab%f0%9f%87%b7-compost\/\">En savoir plus<\/a><\/div><\/div><div id=\"event-3480\" class=\"ectbe-inner-wrapper ectbe-simple-event\"><div class=\"ectbe-date-area\">\r\n\t\t<span class=\"ectbe-ev-day\">26<\/span>\r\n\t\t<span class=\"ectbe-ev-mo\">septembre<\/span>\r\n\t\t<span class=\"ectbe-ev-yr\">2020<\/span><\/div><div class=\"ectbe-content-box\"><div class=\"ectbe-evt-title\"><a class=\"ectbe-evt-url\" href=\"https:\/\/www.keepcompany.fr\/fr\/event\/festiwild-sainte-croix-26%f0%9f%87%ab%f0%9f%87%b7-compost\/\">FestiWild , Sainte-Croix (26)\ud83c\uddeb\ud83c\uddf7- Compost<\/a><\/div><div class=\"ectbe-evt-time\"><i class=\"ectbe-icon-clock\"><\/i>8:00 am - 5:00 pm<\/div><div class=\"ectbe-evt-description\"><\/div><\/div><div class=\"ectbe-evt-more-box\"><a class=\"ectbe-evt-read-more\" href=\"https:\/\/www.keepcompany.fr\/fr\/event\/festiwild-sainte-croix-26%f0%9f%87%ab%f0%9f%87%b7-compost\/\">En savoir plus<\/a><\/div><\/div><div id=\"event-3478\" class=\"ectbe-inner-wrapper ectbe-simple-event\"><div class=\"ectbe-date-area\">\r\n\t\t<span class=\"ectbe-ev-day\">24<\/span>\r\n\t\t<span class=\"ectbe-ev-mo\">septembre<\/span>\r\n\t\t<span class=\"ectbe-ev-yr\">2020<\/span><\/div><div class=\"ectbe-content-box\"><div class=\"ectbe-evt-title\"><a class=\"ectbe-evt-url\" href=\"https:\/\/www.keepcompany.fr\/fr\/event\/maison-rouge-musee-des-vallees-cevenoles-saint-jean-du-gard-30%f0%9f%87%ab%f0%9f%87%b7-compost\/\">Maison Rouge - Mus\u00e9e des Vall\u00e9es C\u00e9venoles , Saint-Jean-Du-Gard (30)\ud83c\uddeb\ud83c\uddf7- Compost<\/a><\/div><div class=\"ectbe-evt-time\"><i class=\"ectbe-icon-clock\"><\/i>8:00 am - 5:00 pm<\/div><div class=\"ectbe-evt-description\"><\/div><\/div><div class=\"ectbe-evt-more-box\"><a class=\"ectbe-evt-read-more\" href=\"https:\/\/www.keepcompany.fr\/fr\/event\/maison-rouge-musee-des-vallees-cevenoles-saint-jean-du-gard-30%f0%9f%87%ab%f0%9f%87%b7-compost\/\">En savoir plus<\/a><\/div><\/div><div id=\"event-3476\" class=\"ectbe-inner-wrapper ectbe-simple-event\"><div class=\"ectbe-date-area\">\r\n\t\t<span class=\"ectbe-ev-day\">29<\/span>\r\n\t\t<span class=\"ectbe-ev-mo\">ao\u00fbt<\/span>\r\n\t\t<span class=\"ectbe-ev-yr\">2020<\/span><span class=\"ectbe-ev-hyphon\"> - <\/span>\r\n\t\t\t<span class=\"ectbe-ev-day\">30<\/span>\r\n\t\t\t<span class=\"ectbe-ev-mo\">ao\u00fbt<\/span>\r\n\t\t\t<span class=\"ectbe-ev-yr\">2020<\/span><\/div><div class=\"ectbe-content-box\"><div class=\"ectbe-evt-title\"><a class=\"ectbe-evt-url\" href=\"https:\/\/www.keepcompany.fr\/fr\/event\/festival-au-bon-coin-pas-trop-loin-de-la-seine-thomery-77%f0%9f%87%ab%f0%9f%87%b7-compost\/\">Festival Au Bon Coin - Pas Trop Loin de la Seine , Thomery (77)\ud83c\uddeb\ud83c\uddf7- Compost<\/a><\/div><div class=\"ectbe-evt-time\"><i class=\"ectbe-icon-clock\"><\/i>ao\u00fbt 29, 2020 - ao\u00fbt 30, 2020<\/div><div class=\"ectbe-evt-description\"><\/div><\/div><div class=\"ectbe-evt-more-box\"><a class=\"ectbe-evt-read-more\" href=\"https:\/\/www.keepcompany.fr\/fr\/event\/festival-au-bon-coin-pas-trop-loin-de-la-seine-thomery-77%f0%9f%87%ab%f0%9f%87%b7-compost\/\">En savoir plus<\/a><\/div><\/div><div id=\"event-3474\" class=\"ectbe-inner-wrapper ectbe-simple-event\"><div class=\"ectbe-date-area\">\r\n\t\t<span class=\"ectbe-ev-day\">02<\/span>\r\n\t\t<span class=\"ectbe-ev-mo\">ao\u00fbt<\/span>\r\n\t\t<span class=\"ectbe-ev-yr\">2020<\/span><\/div><div class=\"ectbe-content-box\"><div class=\"ectbe-evt-title\"><a class=\"ectbe-evt-url\" href=\"https:\/\/www.keepcompany.fr\/fr\/event\/domaine-de-chamarande-chamarande-97%f0%9f%87%ab%f0%9f%87%b7-compost\/\">Domaine de Chamarande , Chamarande (97)\ud83c\uddeb\ud83c\uddf7- Compost<\/a><\/div><div class=\"ectbe-evt-time\"><i class=\"ectbe-icon-clock\"><\/i>8:00 am - 5:00 pm<\/div><div class=\"ectbe-evt-description\"><\/div><\/div><div class=\"ectbe-evt-more-box\"><a class=\"ectbe-evt-read-more\" href=\"https:\/\/www.keepcompany.fr\/fr\/event\/domaine-de-chamarande-chamarande-97%f0%9f%87%ab%f0%9f%87%b7-compost\/\">En savoir plus<\/a><\/div><\/div><div id=\"event-3472\" class=\"ectbe-inner-wrapper ectbe-simple-event\"><div class=\"ectbe-date-area\">\r\n\t\t<span class=\"ectbe-ev-day\">31<\/span>\r\n\t\t<span class=\"ectbe-ev-mo\">juillet<\/span>\r\n\t\t<span class=\"ectbe-ev-yr\">2020<\/span><\/div><div class=\"ectbe-content-box\"><div class=\"ectbe-evt-title\"><a class=\"ectbe-evt-url\" href=\"https:\/\/www.keepcompany.fr\/fr\/event\/ateliers-medicis-clichy-sous-bois-93%f0%9f%87%ab%f0%9f%87%b7-compost\/\">Ateliers Medicis , Clichy Sous Bois (93)\ud83c\uddeb\ud83c\uddf7- Compost<\/a><\/div><div class=\"ectbe-evt-time\"><i class=\"ectbe-icon-clock\"><\/i>8:00 am - 5:00 pm<\/div><div class=\"ectbe-evt-description\"><\/div><\/div><div class=\"ectbe-evt-more-box\"><a class=\"ectbe-evt-read-more\" href=\"https:\/\/www.keepcompany.fr\/fr\/event\/ateliers-medicis-clichy-sous-bois-93%f0%9f%87%ab%f0%9f%87%b7-compost\/\">En savoir plus<\/a><\/div><\/div><div id=\"event-3470\" class=\"ectbe-inner-wrapper ectbe-simple-event\"><div class=\"ectbe-date-area\">\r\n\t\t<span class=\"ectbe-ev-day\">28<\/span>\r\n\t\t<span class=\"ectbe-ev-mo\">juillet<\/span>\r\n\t\t<span class=\"ectbe-ev-yr\">2020<\/span><\/div><div class=\"ectbe-content-box\"><div class=\"ectbe-evt-title\"><a class=\"ectbe-evt-url\" href=\"https:\/\/www.keepcompany.fr\/fr\/event\/gennevilliers-gennevilliers-92%f0%9f%87%ab%f0%9f%87%b7-compost\/\">Gennevilliers , Gennevilliers (92)\ud83c\uddeb\ud83c\uddf7- Compost<\/a><\/div><div class=\"ectbe-evt-time\"><i class=\"ectbe-icon-clock\"><\/i>8:00 am - 5:00 pm<\/div><div class=\"ectbe-evt-description\"><\/div><\/div><div class=\"ectbe-evt-more-box\"><a class=\"ectbe-evt-read-more\" href=\"https:\/\/www.keepcompany.fr\/fr\/event\/gennevilliers-gennevilliers-92%f0%9f%87%ab%f0%9f%87%b7-compost\/\">En savoir plus<\/a><\/div><\/div><div id=\"event-3468\" class=\"ectbe-inner-wrapper ectbe-simple-event\"><div class=\"ectbe-date-area\">\r\n\t\t<span class=\"ectbe-ev-day\">23<\/span>\r\n\t\t<span class=\"ectbe-ev-mo\">juillet<\/span>\r\n\t\t<span class=\"ectbe-ev-yr\">2020<\/span><span class=\"ectbe-ev-hyphon\"> - <\/span>\r\n\t\t\t<span class=\"ectbe-ev-day\">24<\/span>\r\n\t\t\t<span class=\"ectbe-ev-mo\">juillet<\/span>\r\n\t\t\t<span class=\"ectbe-ev-yr\">2020<\/span><\/div><div class=\"ectbe-content-box\"><div class=\"ectbe-evt-title\"><a class=\"ectbe-evt-url\" href=\"https:\/\/www.keepcompany.fr\/fr\/event\/jeudis-du-parc-1-mulhouse-68%f0%9f%87%ab%f0%9f%87%b7-compost\/\">Jeudis du Parc #1 , Mulhouse (68)\ud83c\uddeb\ud83c\uddf7- Compost<\/a><\/div><div class=\"ectbe-evt-time\"><i class=\"ectbe-icon-clock\"><\/i>juillet 23, 2020 - juillet 24, 2020<\/div><div class=\"ectbe-evt-description\"><\/div><\/div><div class=\"ectbe-evt-more-box\"><a class=\"ectbe-evt-read-more\" href=\"https:\/\/www.keepcompany.fr\/fr\/event\/jeudis-du-parc-1-mulhouse-68%f0%9f%87%ab%f0%9f%87%b7-compost\/\">En savoir plus<\/a><\/div><\/div><div id=\"event-3466\" class=\"ectbe-inner-wrapper ectbe-simple-event\"><div class=\"ectbe-date-area\">\r\n\t\t<span class=\"ectbe-ev-day\">19<\/span>\r\n\t\t<span class=\"ectbe-ev-mo\">juillet<\/span>\r\n\t\t<span class=\"ectbe-ev-yr\">2020<\/span><\/div><div class=\"ectbe-content-box\"><div class=\"ectbe-evt-title\"><a class=\"ectbe-evt-url\" href=\"https:\/\/www.keepcompany.fr\/fr\/event\/le-grange-dimiere-theatre-de-fresnes-fresnes-94%f0%9f%87%ab%f0%9f%87%b7-compost\/\">Le Grange Dimiere - Theatre de Fresnes , Fresnes (94)\ud83c\uddeb\ud83c\uddf7- Compost<\/a><\/div><div class=\"ectbe-evt-time\"><i class=\"ectbe-icon-clock\"><\/i>8:00 am - 5:00 pm<\/div><div class=\"ectbe-evt-description\"><\/div><\/div><div class=\"ectbe-evt-more-box\"><a class=\"ectbe-evt-read-more\" href=\"https:\/\/www.keepcompany.fr\/fr\/event\/le-grange-dimiere-theatre-de-fresnes-fresnes-94%f0%9f%87%ab%f0%9f%87%b7-compost\/\">En savoir plus<\/a><\/div><\/div><div id=\"event-3464\" class=\"ectbe-inner-wrapper ectbe-simple-event\"><div class=\"ectbe-date-area\">\r\n\t\t<span class=\"ectbe-ev-day\">17<\/span>\r\n\t\t<span class=\"ectbe-ev-mo\">juillet<\/span>\r\n\t\t<span class=\"ectbe-ev-yr\">2020<\/span><span class=\"ectbe-ev-hyphon\"> - <\/span>\r\n\t\t\t<span class=\"ectbe-ev-day\">18<\/span>\r\n\t\t\t<span class=\"ectbe-ev-mo\">juillet<\/span>\r\n\t\t\t<span class=\"ectbe-ev-yr\">2020<\/span><\/div><div class=\"ectbe-content-box\"><div class=\"ectbe-evt-title\"><a class=\"ectbe-evt-url\" href=\"https:\/\/www.keepcompany.fr\/fr\/event\/zones-sensibles-saint-denis-93%f0%9f%87%ab%f0%9f%87%b7-compost\/\">Zones Sensibles , Saint Denis (93)\ud83c\uddeb\ud83c\uddf7- Compost<\/a><\/div><div class=\"ectbe-evt-time\"><i class=\"ectbe-icon-clock\"><\/i>juillet 17, 2020 - juillet 18, 2020<\/div><div class=\"ectbe-evt-description\"><\/div><\/div><div class=\"ectbe-evt-more-box\"><a class=\"ectbe-evt-read-more\" href=\"https:\/\/www.keepcompany.fr\/fr\/event\/zones-sensibles-saint-denis-93%f0%9f%87%ab%f0%9f%87%b7-compost\/\">En savoir plus<\/a><\/div><\/div><div id=\"event-3462\" class=\"ectbe-inner-wrapper ectbe-simple-event\"><div class=\"ectbe-date-area\">\r\n\t\t<span class=\"ectbe-ev-day\">18<\/span>\r\n\t\t<span class=\"ectbe-ev-mo\">janvier<\/span>\r\n\t\t<span class=\"ectbe-ev-yr\">2020<\/span><\/div><div class=\"ectbe-content-box\"><div class=\"ectbe-evt-title\"><a class=\"ectbe-evt-url\" href=\"https:\/\/www.keepcompany.fr\/fr\/event\/les-passerelles-pontault-combault-77%f0%9f%87%ab%f0%9f%87%b7-willy-axton\/\">Les Passerelles , Pontault-Combault (77)\ud83c\uddeb\ud83c\uddf7- Willy Axton<\/a><\/div><div class=\"ectbe-evt-time\"><i class=\"ectbe-icon-clock\"><\/i>8:00 am - 5:00 pm<\/div><div class=\"ectbe-evt-description\"><\/div><\/div><div class=\"ectbe-evt-more-box\"><a class=\"ectbe-evt-read-more\" href=\"https:\/\/www.keepcompany.fr\/fr\/event\/les-passerelles-pontault-combault-77%f0%9f%87%ab%f0%9f%87%b7-willy-axton\/\">En savoir plus<\/a><\/div><\/div><div id=\"event-3460\" class=\"ectbe-inner-wrapper ectbe-simple-event\"><div class=\"ectbe-date-area\">\r\n\t\t<span class=\"ectbe-ev-day\">06<\/span>\r\n\t\t<span class=\"ectbe-ev-mo\">octobre<\/span>\r\n\t\t<span class=\"ectbe-ev-yr\">2019<\/span><\/div><div class=\"ectbe-content-box\"><div class=\"ectbe-evt-title\"><a class=\"ectbe-evt-url\" href=\"https:\/\/www.keepcompany.fr\/fr\/event\/le-temps-des-cerises-la-verrerie-en-partenariat-avec-la-communaute-de-communes-du-pays-duzes-lussan-30%f0%9f%87%ab%f0%9f%87%b7-compost\/\">Le Temps des Cerises - La Verrerie en partenariat avec La Communaut\u00e9 de Communes du Pays d'Uz\u00e8s , Lussan (30)\ud83c\uddeb\ud83c\uddf7- Compost<\/a><\/div><div class=\"ectbe-evt-time\"><i class=\"ectbe-icon-clock\"><\/i>8:00 am - 5:00 pm<\/div><div class=\"ectbe-evt-description\"><\/div><\/div><div class=\"ectbe-evt-more-box\"><a class=\"ectbe-evt-read-more\" href=\"https:\/\/www.keepcompany.fr\/fr\/event\/le-temps-des-cerises-la-verrerie-en-partenariat-avec-la-communaute-de-communes-du-pays-duzes-lussan-30%f0%9f%87%ab%f0%9f%87%b7-compost\/\">En savoir plus<\/a><\/div><\/div><div id=\"event-3458\" class=\"ectbe-inner-wrapper ectbe-simple-event\"><div class=\"ectbe-date-area\">\r\n\t\t<span class=\"ectbe-ev-day\">29<\/span>\r\n\t\t<span class=\"ectbe-ev-mo\">septembre<\/span>\r\n\t\t<span class=\"ectbe-ev-yr\">2019<\/span><\/div><div class=\"ectbe-content-box\"><div class=\"ectbe-evt-title\"><a class=\"ectbe-evt-url\" href=\"https:\/\/www.keepcompany.fr\/fr\/event\/villeneuve-la-garenne-villeneuve-la-garenne-92%f0%9f%87%ab%f0%9f%87%b7-compost\/\">Villeneuve la Garenne , Villeneuve la Garenne (92)\ud83c\uddeb\ud83c\uddf7- Compost<\/a><\/div><div class=\"ectbe-evt-time\"><i class=\"ectbe-icon-clock\"><\/i>8:00 am - 5:00 pm<\/div><div class=\"ectbe-evt-description\"><\/div><\/div><div class=\"ectbe-evt-more-box\"><a class=\"ectbe-evt-read-more\" href=\"https:\/\/www.keepcompany.fr\/fr\/event\/villeneuve-la-garenne-villeneuve-la-garenne-92%f0%9f%87%ab%f0%9f%87%b7-compost\/\">En savoir plus<\/a><\/div><\/div><div id=\"event-3456\" class=\"ectbe-inner-wrapper ectbe-simple-event\"><div class=\"ectbe-date-area\">\r\n\t\t<span class=\"ectbe-ev-day\">21<\/span>\r\n\t\t<span class=\"ectbe-ev-mo\">septembre<\/span>\r\n\t\t<span class=\"ectbe-ev-yr\">2019<\/span><\/div><div class=\"ectbe-content-box\"><div class=\"ectbe-evt-title\"><a class=\"ectbe-evt-url\" href=\"https:\/\/www.keepcompany.fr\/fr\/event\/festival-cergy-soit-cergy-95%f0%9f%87%ab%f0%9f%87%b7-compost\/\">Festival Cergy Soit ! , Cergy (95)\ud83c\uddeb\ud83c\uddf7- Compost<\/a><\/div><div class=\"ectbe-evt-time\"><i class=\"ectbe-icon-clock\"><\/i>8:00 am - 5:00 pm<\/div><div class=\"ectbe-evt-description\"><\/div><\/div><div class=\"ectbe-evt-more-box\"><a class=\"ectbe-evt-read-more\" href=\"https:\/\/www.keepcompany.fr\/fr\/event\/festival-cergy-soit-cergy-95%f0%9f%87%ab%f0%9f%87%b7-compost\/\">En savoir plus<\/a><\/div><\/div><div id=\"event-3454\" class=\"ectbe-inner-wrapper ectbe-simple-event\"><div class=\"ectbe-date-area\">\r\n\t\t<span class=\"ectbe-ev-day\">31<\/span>\r\n\t\t<span class=\"ectbe-ev-mo\">juillet<\/span>\r\n\t\t<span class=\"ectbe-ev-yr\">2019<\/span><\/div><div class=\"ectbe-content-box\"><div class=\"ectbe-evt-title\"><a class=\"ectbe-evt-url\" href=\"https:\/\/www.keepcompany.fr\/fr\/event\/festival-brocante-frisanco%f0%9f%87%ae%f0%9f%87%b9-compost\/\">Festival Brocante , Frisan\u00e7o\ud83c\uddee\ud83c\uddf9- Compost<\/a><\/div><div class=\"ectbe-evt-time\"><i class=\"ectbe-icon-clock\"><\/i>8:00 am - 5:00 pm<\/div><div class=\"ectbe-evt-description\"><\/div><\/div><div class=\"ectbe-evt-more-box\"><a class=\"ectbe-evt-read-more\" href=\"https:\/\/www.keepcompany.fr\/fr\/event\/festival-brocante-frisanco%f0%9f%87%ae%f0%9f%87%b9-compost\/\">En savoir plus<\/a><\/div><\/div><div id=\"event-3452\" class=\"ectbe-inner-wrapper ectbe-simple-event\"><div class=\"ectbe-date-area\">\r\n\t\t<span class=\"ectbe-ev-day\">25<\/span>\r\n\t\t<span class=\"ectbe-ev-mo\">juillet<\/span>\r\n\t\t<span class=\"ectbe-ev-yr\">2019<\/span><span class=\"ectbe-ev-hyphon\"> - <\/span>\r\n\t\t\t<span class=\"ectbe-ev-day\">28<\/span>\r\n\t\t\t<span class=\"ectbe-ev-mo\">juillet<\/span>\r\n\t\t\t<span class=\"ectbe-ev-yr\">2019<\/span><\/div><div class=\"ectbe-content-box\"><div class=\"ectbe-evt-title\"><a class=\"ectbe-evt-url\" href=\"https:\/\/www.keepcompany.fr\/fr\/event\/festival-chalon-dans-la-rue-chalon-sur-saone-71%f0%9f%87%ab%f0%9f%87%b7-compost\/\">Festival Chalon dans la Rue , Chalon-sur-Sa\u00f4ne (71)\ud83c\uddeb\ud83c\uddf7- Compost<\/a><\/div><div class=\"ectbe-evt-time\"><i class=\"ectbe-icon-clock\"><\/i>juillet 25, 2019 - juillet 28, 2019<\/div><div class=\"ectbe-evt-description\"><\/div><\/div><div class=\"ectbe-evt-more-box\"><a class=\"ectbe-evt-read-more\" href=\"https:\/\/www.keepcompany.fr\/fr\/event\/festival-chalon-dans-la-rue-chalon-sur-saone-71%f0%9f%87%ab%f0%9f%87%b7-compost\/\">En savoir plus<\/a><\/div><\/div><div id=\"event-3400\" class=\"ectbe-inner-wrapper ectbe-simple-event\"><div class=\"ectbe-date-area\">\r\n\t\t<span class=\"ectbe-ev-day\">19<\/span>\r\n\t\t<span class=\"ectbe-ev-mo\">juillet<\/span>\r\n\t\t<span class=\"ectbe-ev-yr\">2019<\/span><\/div><div class=\"ectbe-content-box\"><div class=\"ectbe-evt-title\"><a class=\"ectbe-evt-url\" href=\"https:\/\/www.keepcompany.fr\/fr\/event\/la-conciergerie-lacademie-fratellini-paris-75%f0%9f%87%ab%f0%9f%87%b7-willy-axton\/\">La Conciergerie - L'Acad\u00e9mie Fratellini , Paris (75)\ud83c\uddeb\ud83c\uddf7- Willy Axton<\/a><\/div><div class=\"ectbe-evt-time\"><i class=\"ectbe-icon-clock\"><\/i>8:00 am - 5:00 pm<\/div><div class=\"ectbe-evt-description\"><\/div><\/div><div class=\"ectbe-evt-more-box\"><a class=\"ectbe-evt-read-more\" href=\"https:\/\/www.keepcompany.fr\/fr\/event\/la-conciergerie-lacademie-fratellini-paris-75%f0%9f%87%ab%f0%9f%87%b7-willy-axton\/\">En savoir plus<\/a><\/div><\/div><div id=\"event-3398\" class=\"ectbe-inner-wrapper ectbe-simple-event\"><div class=\"ectbe-date-area\">\r\n\t\t<span class=\"ectbe-ev-day\">13<\/span>\r\n\t\t<span class=\"ectbe-ev-mo\">juillet<\/span>\r\n\t\t<span class=\"ectbe-ev-yr\">2019<\/span><\/div><div class=\"ectbe-content-box\"><div class=\"ectbe-evt-title\"><a class=\"ectbe-evt-url\" href=\"https:\/\/www.keepcompany.fr\/fr\/event\/festival-de-leau-vive-bulle-25%f0%9f%87%ab%f0%9f%87%b7-compost\/\">Festival de L'eau Vive , Bulle (25)\ud83c\uddeb\ud83c\uddf7- Compost<\/a><\/div><div class=\"ectbe-evt-time\"><i class=\"ectbe-icon-clock\"><\/i>8:00 am - 5:00 pm<\/div><div class=\"ectbe-evt-description\"><\/div><\/div><div class=\"ectbe-evt-more-box\"><a class=\"ectbe-evt-read-more\" href=\"https:\/\/www.keepcompany.fr\/fr\/event\/festival-de-leau-vive-bulle-25%f0%9f%87%ab%f0%9f%87%b7-compost\/\">En savoir plus<\/a><\/div><\/div><div id=\"event-3396\" class=\"ectbe-inner-wrapper ectbe-simple-event\"><div class=\"ectbe-date-area\">\r\n\t\t<span class=\"ectbe-ev-day\">12<\/span>\r\n\t\t<span class=\"ectbe-ev-mo\">juillet<\/span>\r\n\t\t<span class=\"ectbe-ev-yr\">2019<\/span><\/div><div class=\"ectbe-content-box\"><div class=\"ectbe-evt-title\"><a class=\"ectbe-evt-url\" href=\"https:\/\/www.keepcompany.fr\/fr\/event\/festival-ideklic-moirans-en-montagne-39%f0%9f%87%ab%f0%9f%87%b7-compost\/\">Festival Ideklic , Moirans en Montagne (39)\ud83c\uddeb\ud83c\uddf7- Compost<\/a><\/div><div class=\"ectbe-evt-time\"><i class=\"ectbe-icon-clock\"><\/i>8:00 am - 5:00 pm<\/div><div class=\"ectbe-evt-description\"><\/div><\/div><div class=\"ectbe-evt-more-box\"><a class=\"ectbe-evt-read-more\" href=\"https:\/\/www.keepcompany.fr\/fr\/event\/festival-ideklic-moirans-en-montagne-39%f0%9f%87%ab%f0%9f%87%b7-compost\/\">En savoir plus<\/a><\/div><\/div><div id=\"event-3394\" class=\"ectbe-inner-wrapper ectbe-simple-event\"><div class=\"ectbe-date-area\">\r\n\t\t<span class=\"ectbe-ev-day\">30<\/span>\r\n\t\t<span class=\"ectbe-ev-mo\">juin<\/span>\r\n\t\t<span class=\"ectbe-ev-yr\">2019<\/span><\/div><div class=\"ectbe-content-box\"><div class=\"ectbe-evt-title\"><a class=\"ectbe-evt-url\" href=\"https:\/\/www.keepcompany.fr\/fr\/event\/festival-solstices-theatre-firmin-gemier-antony-92%f0%9f%87%ab%f0%9f%87%b7-compost\/\">Festival Solstices - Th\u00e9\u00e2tre Firmin G\u00e9mier , Antony (92)\ud83c\uddeb\ud83c\uddf7- Compost<\/a><\/div><div class=\"ectbe-evt-time\"><i class=\"ectbe-icon-clock\"><\/i>8:00 am - 5:00 pm<\/div><div class=\"ectbe-evt-description\"><\/div><\/div><div class=\"ectbe-evt-more-box\"><a class=\"ectbe-evt-read-more\" href=\"https:\/\/www.keepcompany.fr\/fr\/event\/festival-solstices-theatre-firmin-gemier-antony-92%f0%9f%87%ab%f0%9f%87%b7-compost\/\">En savoir plus<\/a><\/div><\/div><div id=\"event-3392\" class=\"ectbe-inner-wrapper ectbe-simple-event\"><div class=\"ectbe-date-area\">\r\n\t\t<span class=\"ectbe-ev-day\">20<\/span>\r\n\t\t<span class=\"ectbe-ev-mo\">juin<\/span>\r\n\t\t<span class=\"ectbe-ev-yr\">2019<\/span><span class=\"ectbe-ev-hyphon\"> - <\/span>\r\n\t\t\t<span class=\"ectbe-ev-day\">21<\/span>\r\n\t\t\t<span class=\"ectbe-ev-mo\">juin<\/span>\r\n\t\t\t<span class=\"ectbe-ev-yr\">2019<\/span><\/div><div class=\"ectbe-content-box\"><div class=\"ectbe-evt-title\"><a class=\"ectbe-evt-url\" href=\"https:\/\/www.keepcompany.fr\/fr\/event\/fabrique-re-evolution-talmaciu-ro-compost\/\">Fabrique RE-Evolution , Talmaciu (RO) - Compost<\/a><\/div><div class=\"ectbe-evt-time\"><i class=\"ectbe-icon-clock\"><\/i>juin 20, 2019 - juin 21, 2019<\/div><div class=\"ectbe-evt-description\"><\/div><\/div><div class=\"ectbe-evt-more-box\"><a class=\"ectbe-evt-read-more\" href=\"https:\/\/www.keepcompany.fr\/fr\/event\/fabrique-re-evolution-talmaciu-ro-compost\/\">En savoir plus<\/a><\/div><\/div><div id=\"event-3390\" class=\"ectbe-inner-wrapper ectbe-simple-event\"><div class=\"ectbe-date-area\">\r\n\t\t<span class=\"ectbe-ev-day\">09<\/span>\r\n\t\t<span class=\"ectbe-ev-mo\">juin<\/span>\r\n\t\t<span class=\"ectbe-ev-yr\">2019<\/span><\/div><div class=\"ectbe-content-box\"><div class=\"ectbe-evt-title\"><a class=\"ectbe-evt-url\" href=\"https:\/\/www.keepcompany.fr\/fr\/event\/festival-les-prealables-la-cascade-pole-national-cirque-saint-thome-07%f0%9f%87%ab%f0%9f%87%b7-compost-2\/\">Festival Les Pr\u00e9alables, La Cascade - P\u00f4le National Cirque , Saint Thom\u00e9 (07)\ud83c\uddeb\ud83c\uddf7- Compost<\/a><\/div><div class=\"ectbe-evt-time\"><i class=\"ectbe-icon-clock\"><\/i>8:00 am - 5:00 pm<\/div><div class=\"ectbe-evt-description\"><\/div><\/div><div class=\"ectbe-evt-more-box\"><a class=\"ectbe-evt-read-more\" href=\"https:\/\/www.keepcompany.fr\/fr\/event\/festival-les-prealables-la-cascade-pole-national-cirque-saint-thome-07%f0%9f%87%ab%f0%9f%87%b7-compost-2\/\">En savoir plus<\/a><\/div><\/div><div id=\"event-3386\" class=\"ectbe-inner-wrapper ectbe-simple-event\"><div class=\"ectbe-date-area\">\r\n\t\t<span class=\"ectbe-ev-day\">09<\/span>\r\n\t\t<span class=\"ectbe-ev-mo\">juin<\/span>\r\n\t\t<span class=\"ectbe-ev-yr\">2019<\/span><\/div><div class=\"ectbe-content-box\"><div class=\"ectbe-evt-title\"><a class=\"ectbe-evt-url\" href=\"https:\/\/www.keepcompany.fr\/fr\/event\/festival-les-prealables-la-cascade-pole-national-cirque-saint-thome-07%f0%9f%87%ab%f0%9f%87%b7-compost\/\">Festival Les Pr\u00e9alables, La Cascade - P\u00f4le National Cirque , Saint Thom\u00e9 (07)\ud83c\uddeb\ud83c\uddf7- Compost<\/a><\/div><div class=\"ectbe-evt-time\"><i class=\"ectbe-icon-clock\"><\/i>8:00 am - 5:00 pm<\/div><div class=\"ectbe-evt-description\"><\/div><\/div><div class=\"ectbe-evt-more-box\"><a class=\"ectbe-evt-read-more\" href=\"https:\/\/www.keepcompany.fr\/fr\/event\/festival-les-prealables-la-cascade-pole-national-cirque-saint-thome-07%f0%9f%87%ab%f0%9f%87%b7-compost\/\">En savoir plus<\/a><\/div><\/div><div id=\"event-3388\" class=\"ectbe-inner-wrapper ectbe-simple-event\"><div class=\"ectbe-date-area\">\r\n\t\t<span class=\"ectbe-ev-day\">06<\/span>\r\n\t\t<span class=\"ectbe-ev-mo\">juin<\/span>\r\n\t\t<span class=\"ectbe-ev-yr\">2019<\/span><\/div><div class=\"ectbe-content-box\"><div class=\"ectbe-evt-title\"><a class=\"ectbe-evt-url\" href=\"https:\/\/www.keepcompany.fr\/fr\/event\/le-carre-scene-nationale-chateau-gontier-53%f0%9f%87%ab%f0%9f%87%b7-compost\/\">Le Carr\u00e9 - Sc\u00e8ne nationale , Ch\u00e2teau-Gontier (53)\ud83c\uddeb\ud83c\uddf7- Compost<\/a><\/div><div class=\"ectbe-evt-time\"><i class=\"ectbe-icon-clock\"><\/i>8:00 am - 5:00 pm<\/div><div class=\"ectbe-evt-description\"><\/div><\/div><div class=\"ectbe-evt-more-box\"><a class=\"ectbe-evt-read-more\" href=\"https:\/\/www.keepcompany.fr\/fr\/event\/le-carre-scene-nationale-chateau-gontier-53%f0%9f%87%ab%f0%9f%87%b7-compost\/\">En savoir plus<\/a><\/div><\/div><div id=\"event-3384\" class=\"ectbe-inner-wrapper ectbe-simple-event\"><div class=\"ectbe-date-area\">\r\n\t\t<span class=\"ectbe-ev-day\">01<\/span>\r\n\t\t<span class=\"ectbe-ev-mo\">juin<\/span>\r\n\t\t<span class=\"ectbe-ev-yr\">2019<\/span><span class=\"ectbe-ev-hyphon\"> - <\/span>\r\n\t\t\t<span class=\"ectbe-ev-day\">02<\/span>\r\n\t\t\t<span class=\"ectbe-ev-mo\">juin<\/span>\r\n\t\t\t<span class=\"ectbe-ev-yr\">2019<\/span><\/div><div class=\"ectbe-content-box\"><div class=\"ectbe-evt-title\"><a class=\"ectbe-evt-url\" href=\"https:\/\/www.keepcompany.fr\/fr\/event\/festival-gare-au-gorille-le-carre-magique-pole-national-cirque-lannion-22%f0%9f%87%ab%f0%9f%87%b7-compost\/\">Festival Gare au Gorille, Le Carr\u00e9 Magique - P\u00f4le National Cirque , Lannion (22)\ud83c\uddeb\ud83c\uddf7- Compost<\/a><\/div><div class=\"ectbe-evt-time\"><i class=\"ectbe-icon-clock\"><\/i>juin 1, 2019 - juin 2, 2019<\/div><div class=\"ectbe-evt-description\"><\/div><\/div><div class=\"ectbe-evt-more-box\"><a class=\"ectbe-evt-read-more\" href=\"https:\/\/www.keepcompany.fr\/fr\/event\/festival-gare-au-gorille-le-carre-magique-pole-national-cirque-lannion-22%f0%9f%87%ab%f0%9f%87%b7-compost\/\">En savoir plus<\/a><\/div><\/div><div id=\"event-3382\" class=\"ectbe-inner-wrapper ectbe-simple-event\"><div class=\"ectbe-date-area\">\r\n\t\t<span class=\"ectbe-ev-day\">25<\/span>\r\n\t\t<span class=\"ectbe-ev-mo\">mai<\/span>\r\n\t\t<span class=\"ectbe-ev-yr\">2019<\/span><span class=\"ectbe-ev-hyphon\"> - <\/span>\r\n\t\t\t<span class=\"ectbe-ev-day\">26<\/span>\r\n\t\t\t<span class=\"ectbe-ev-mo\">mai<\/span>\r\n\t\t\t<span class=\"ectbe-ev-yr\">2019<\/span><\/div><div class=\"ectbe-content-box\"><div class=\"ectbe-evt-title\"><a class=\"ectbe-evt-url\" href=\"https:\/\/www.keepcompany.fr\/fr\/event\/festival-beauregard-st-genis-laval-69%f0%9f%87%ab%f0%9f%87%b7-compost\/\">Festival Beauregard , St Genis Laval (69)\ud83c\uddeb\ud83c\uddf7- Compost<\/a><\/div><div class=\"ectbe-evt-time\"><i class=\"ectbe-icon-clock\"><\/i>mai 25, 2019 - mai 26, 2019<\/div><div class=\"ectbe-evt-description\"><\/div><\/div><div class=\"ectbe-evt-more-box\"><a class=\"ectbe-evt-read-more\" href=\"https:\/\/www.keepcompany.fr\/fr\/event\/festival-beauregard-st-genis-laval-69%f0%9f%87%ab%f0%9f%87%b7-compost\/\">En savoir plus<\/a><\/div><\/div><div id=\"event-3380\" class=\"ectbe-inner-wrapper ectbe-simple-event\"><div class=\"ectbe-date-area\">\r\n\t\t<span class=\"ectbe-ev-day\">11<\/span>\r\n\t\t<span class=\"ectbe-ev-mo\">mai<\/span>\r\n\t\t<span class=\"ectbe-ev-yr\">2019<\/span><\/div><div class=\"ectbe-content-box\"><div class=\"ectbe-evt-title\"><a class=\"ectbe-evt-url\" href=\"https:\/\/www.keepcompany.fr\/fr\/event\/we-cirk-week-end-cirque-quincy-voisins-77%f0%9f%87%ab%f0%9f%87%b7-compost\/\">WE CIRK ! Week-end Cirque , Quincy-Voisins (77)\ud83c\uddeb\ud83c\uddf7- Compost<\/a><\/div><div class=\"ectbe-evt-time\"><i class=\"ectbe-icon-clock\"><\/i>8:00 am - 5:00 pm<\/div><div class=\"ectbe-evt-description\"><\/div><\/div><div class=\"ectbe-evt-more-box\"><a class=\"ectbe-evt-read-more\" href=\"https:\/\/www.keepcompany.fr\/fr\/event\/we-cirk-week-end-cirque-quincy-voisins-77%f0%9f%87%ab%f0%9f%87%b7-compost\/\">En savoir plus<\/a><\/div><\/div><div id=\"event-3378\" class=\"ectbe-inner-wrapper ectbe-simple-event\"><div class=\"ectbe-date-area\">\r\n\t\t<span class=\"ectbe-ev-day\">20<\/span>\r\n\t\t<span class=\"ectbe-ev-mo\">avril<\/span>\r\n\t\t<span class=\"ectbe-ev-yr\">2019<\/span><span class=\"ectbe-ev-hyphon\"> - <\/span>\r\n\t\t\t<span class=\"ectbe-ev-day\">21<\/span>\r\n\t\t\t<span class=\"ectbe-ev-mo\">avril<\/span>\r\n\t\t\t<span class=\"ectbe-ev-yr\">2019<\/span><\/div><div class=\"ectbe-content-box\"><div class=\"ectbe-evt-title\"><a class=\"ectbe-evt-url\" href=\"https:\/\/www.keepcompany.fr\/fr\/event\/fete-des-tulipes-saint-denis-93%f0%9f%87%ab%f0%9f%87%b7-compost\/\">F\u00eate des Tulipes , Saint Denis (93)\ud83c\uddeb\ud83c\uddf7- Compost<\/a><\/div><div class=\"ectbe-evt-time\"><i class=\"ectbe-icon-clock\"><\/i>avril 20, 2019 - avril 21, 2019<\/div><div class=\"ectbe-evt-description\"><\/div><\/div><div class=\"ectbe-evt-more-box\"><a class=\"ectbe-evt-read-more\" href=\"https:\/\/www.keepcompany.fr\/fr\/event\/fete-des-tulipes-saint-denis-93%f0%9f%87%ab%f0%9f%87%b7-compost\/\">En savoir plus<\/a><\/div><\/div><div id=\"event-3376\" class=\"ectbe-inner-wrapper ectbe-simple-event\"><div class=\"ectbe-date-area\">\r\n\t\t<span class=\"ectbe-ev-day\">03<\/span>\r\n\t\t<span class=\"ectbe-ev-mo\">novembre<\/span>\r\n\t\t<span class=\"ectbe-ev-yr\">2018<\/span><span class=\"ectbe-ev-hyphon\"> - <\/span>\r\n\t\t\t<span class=\"ectbe-ev-day\">04<\/span>\r\n\t\t\t<span class=\"ectbe-ev-mo\">novembre<\/span>\r\n\t\t\t<span class=\"ectbe-ev-yr\">2018<\/span><\/div><div class=\"ectbe-content-box\"><div class=\"ectbe-evt-title\"><a class=\"ectbe-evt-url\" href=\"https:\/\/www.keepcompany.fr\/fr\/event\/cirque-en-marche-la-verrerie-pole-national-cirque-ales-30%f0%9f%87%ab%f0%9f%87%b7-compost\/\">Cirque en Marche, La Verrerie - P\u00f4le National Cirque , Al\u00e8s (30)\ud83c\uddeb\ud83c\uddf7- Compost<\/a><\/div><div class=\"ectbe-evt-time\"><i class=\"ectbe-icon-clock\"><\/i>novembre 3, 2018 - novembre 4, 2018<\/div><div class=\"ectbe-evt-description\"><\/div><\/div><div class=\"ectbe-evt-more-box\"><a class=\"ectbe-evt-read-more\" href=\"https:\/\/www.keepcompany.fr\/fr\/event\/cirque-en-marche-la-verrerie-pole-national-cirque-ales-30%f0%9f%87%ab%f0%9f%87%b7-compost\/\">En savoir plus<\/a><\/div><\/div><div id=\"event-3370\" class=\"ectbe-inner-wrapper ectbe-simple-event\"><div class=\"ectbe-date-area\">\r\n\t\t<span class=\"ectbe-ev-day\">12<\/span>\r\n\t\t<span class=\"ectbe-ev-mo\">octobre<\/span>\r\n\t\t<span class=\"ectbe-ev-yr\">2018<\/span><span class=\"ectbe-ev-hyphon\"> - <\/span>\r\n\t\t\t<span class=\"ectbe-ev-day\">14<\/span>\r\n\t\t\t<span class=\"ectbe-ev-mo\">octobre<\/span>\r\n\t\t\t<span class=\"ectbe-ev-yr\">2018<\/span><\/div><div class=\"ectbe-content-box\"><div class=\"ectbe-evt-title\"><a class=\"ectbe-evt-url\" href=\"https:\/\/www.keepcompany.fr\/fr\/event\/festival-village-de-cirque-14-cooperative-de-rue-et-de-cirque-paris-75%f0%9f%87%ab%f0%9f%87%b7-compost\/\">Festival Village de Cirque #14, Coop\u00e9rative De Rue et De Cirque , Paris (75)\ud83c\uddeb\ud83c\uddf7- Compost<\/a><\/div><div class=\"ectbe-evt-time\"><i class=\"ectbe-icon-clock\"><\/i>octobre 12, 2018 - octobre 14, 2018<\/div><div class=\"ectbe-evt-description\"><\/div><\/div><div class=\"ectbe-evt-more-box\"><a class=\"ectbe-evt-read-more\" href=\"https:\/\/www.keepcompany.fr\/fr\/event\/festival-village-de-cirque-14-cooperative-de-rue-et-de-cirque-paris-75%f0%9f%87%ab%f0%9f%87%b7-compost\/\">En savoir plus<\/a><\/div><\/div><\/div>\t\t<\/div>\n\t\t\t\t<\/div>\n\t\t\t\t\t<\/div>\n\t\t\t\t<\/div>\n\t\t<div class=\"elementor-element elementor-element-2015eab e-flex e-con-boxed wpr-particle-no wpr-jarallax-no wpr-parallax-no wpr-sticky-section-no e-con e-parent\" data-id=\"2015eab\" data-element_type=\"container\">\n\t\t\t\t\t<div class=\"e-con-inner\">\n\t\t\t\t\t<\/div>\n\t\t\t\t<\/div>\n\t\t\t\t<\/div>","protected":false},"excerpt":{"rendered":"<p>Juggling last minute dates and events around the year want to book a show? upcoming events 10 April 2025Bourg Saint Andeol, La Cascade (07) \ud83c\uddeb\ud83c\uddf7 &#8211; Underfoot (representation scolaire)All dayFind out more 13 April 2025Faug\u00e8res, L&#8217;art D&#8217;en Faire (34) \ud83c\uddeb\ud83c\uddf7 &#8211; CompostAll dayFind out more 19 April 2025Fantasy Festival, Monferrato \ud83c\uddee\ud83c\uddf9 &#8211; UnderfootAll dayFind out more 03 May 2025 &#8211; 04 May 2025Circaire Festival, Alc\u00f9dia \ud83c\uddea\ud83c\uddf8 &#8211; UnderfootAll dayFind out more 10 May 2025 &#8211; 11 May 2025Grosmenil Dans Tous ses Etats (76) \ud83c\uddeb\ud83c\uddf7 &#8211; UnderfootAll dayFind out more PAST EVENTS 26 November 2024Beaumont-Monteux (26), Arche Agglo et La Cascade \ud83c\uddeb\ud83c\uddf7\uff0dUnderfoot8:00 am &#8211; 5:00 pmFind out more 05 October 2024La Sc\u00e8ne de Recherches,ENS Paris-Saclay (91)\ud83c\uddeb\ud83c\uddf7\uff0dUnderfoot8:00 am &#8211; 5:00 pmFind out more 08 September 2024Picardie Forever , Saint-Pierre-l\u00e8s-Bitry (60)\ud83c\uddeb\ud83c\uddf7- Underfoot8:00 am &#8211; 5:00 pmFind out more 24 July 2024 &#8211; 26 July 2024Festival Brocante , Friscano\ud83c\uddee\ud83c\uddf9- UnderfootJuly 24, 2024 &#8211; July 26, 2024Find out more 21 July 2024La Radice Selvatica , Tagliamento Pordenone\ud83c\uddee\ud83c\uddf9- Underfoot8:00 am &#8211; 5:00 pmFind out more 18 July 2024Maison Rouge &#8211; Mus\u00e9e des Vall\u00e9es C\u00e9venoles , Saint Jean du Gard\ud83c\uddeb\ud83c\uddf7- Underfoot8:00 am &#8211; 5:00 pmFind out more 10 July 2024 &#8211; 14 July 2024Festival d&#8217;Alba , Alba-la-Romaine (07)\ud83c\uddeb\ud83c\uddf7- UnderfootJuly 10, 2024 &#8211; July 14, 2024Find out more 08 June 2024Th\u00e9\u00e2tre de Rungis , Rungis (94)\ud83c\uddeb\ud83c\uddf7- Underfoot8:00 am &#8211; 5:00 pmFind out more 01 June 2024 &#8211; 02 June 2024Festival Parade(s) , Nanterre (92)\ud83c\uddeb\ud83c\uddf7- UnderfootJune 1, 2024 &#8211; June 2, 2024Find out more 30 May 2024Domaine du Pradel , Mirabel (07)\ud83c\uddeb\ud83c\uddf7- Compost8:00 am &#8211; 5:00 pmFind out more 11 May 2024Festival Des Ronds dans l&#8217;Eau &#8211; Trio-S , Hennebont (56)\ud83c\uddeb\ud83c\uddf7- Underfoot8:00 am &#8211; 5:00 pmFind out more 08 May 2024 &#8211; 09 May 2024Festival Gare au gorille &#8211; Le Carr\u00e9 Magique (premi\u00e8res) , Lannion (22)\ud83c\uddeb\ud83c\uddf7- UnderfootMay 8, 2024 &#8211; May 9, 2024Find out more 29 April 2024 &#8211; 07 May 2024Le Carr\u00e9 Magique &#8211; P\u00f4le National Cirque (residency) , Lannion (22)\ud83c\uddeb\ud83c\uddf7- UnderfootApril 29, 2024 &#8211; May 7, 2024Find out more 22 April 2024 &#8211; 26 April 2024La Gare \u00e0 Coulisses (residency) , Eurre (26)\ud83c\uddeb\ud83c\uddf7- UnderfootApril 22, 2024 &#8211; April 26, 2024Find out more 25 March 2024 &#8211; 05 April 2024La Verrerie &#8211; P\u00f4le National Cirque (residency) , Al\u00e8s (30)\ud83c\uddeb\ud83c\uddf7- UnderfootMarch 25, 2024 &#8211; April 5, 2024Find out more 10 February 2024 &#8211; 24 February 2024Le Th\u00e9\u00e2tre de Rungis (residency) , Rungis (94)\ud83c\uddeb\ud83c\uddf7- UnderfootFebruary 10, 2024 &#8211; February 24, 2024Find out more 15 January 2024 &#8211; 26 January 2024Le Carr\u00e9 Magique &#8211; P\u00f4le National Cirque (residency) , Lannion (22)\ud83c\uddeb\ud83c\uddf7- UnderfootJanuary 15, 2024 &#8211; January 26, 2024Find out more 26 November 2023 &#8211; 07 December 2023La Central del Circ (residency) , Barcelona\ud83c\uddea\ud83c\uddf8- UnderfootNovember 26, 2023 &#8211; December 7, 2023Find out more 05 November 2023 &#8211; 15 November 2023La Gare \u00e0 Coulisses (residency) , Eurre (26)\ud83c\uddeb\ud83c\uddf7- UnderfootNovember 5, 2023 &#8211; November 15, 2023Find out more 10 October 2023 &#8211; 20 October 2023La Cascade &#8211; P\u00f4le National Cirque (residency) , Bourg Saint Andeol\ud83c\uddeb\ud83c\uddf7- UnderfootOctober 10, 2023 &#8211; October 20, 2023Find out more 25 September 2023 &#8211; 29 September 2023Can Gabarra (residency) , Dosrius\ud83c\uddea\ud83c\uddf8- UnderfootSeptember 25, 2023 &#8211; September 29, 2023Find out more 10 September 2023Jardins en Sc\u00e8ne &#8211; Picardie Forever , Saint-Pierre-l\u00e8s-Bitry (60)\ud83c\uddeb\ud83c\uddf7- Compost8:00 am &#8211; 5:00 pmFind out more 15 July 2023SHAM Spectacles , Drancy (93)\ud83c\uddeb\ud83c\uddf7- Compost8:00 am &#8211; 5:00 pmFind out more 14 July 2023Eclat(s) de Rue , Caen (14)\ud83c\uddeb\ud83c\uddf7- Compost8:00 am &#8211; 5:00 pmFind out more 12 July 2023Eaubonne , Eaubonne (95)\ud83c\uddeb\ud83c\uddf7- Compost8:00 am &#8211; 5:00 pmFind out more 14 June 2023Can Gabarra (work in progress) , Dosrius\ud83c\uddea\ud83c\uddf8- Underfoot8:00 am &#8211; 5:00 pmFind out more 02 June 2023Fringe Arts (work in progress) , Philadelphia &#8211; Underfoot8:00 am &#8211; 5:00 pmFind out more 27 May 2023FitFest , Philadelphia &#8211; Compost8:00 am &#8211; 5:00 pmFind out more 06 May 2023 &#8211; 17 May 2023Les Noctambules (residency) , Nanterre (94)\ud83c\uddeb\ud83c\uddf7- UnderfootMay 6, 2023 &#8211; May 17, 2023Find out more 04 May 2023Festival In\u2019acabat (work in progress) , Alcudia\ud83c\uddea\ud83c\uddf8- Underfoot8:00 am &#8211; 5:00 pmFind out more 16 April 2023 &#8211; 27 April 2023La Central del Circ (residency) , Barcelona\ud83c\uddea\ud83c\uddf8- UnderfootApril 16, 2023 &#8211; April 27, 2023Find out more 09 April 2023 &#8211; 10 April 2023P\u00e2ques au Pont , Pont du Gard (30)\ud83c\uddeb\ud83c\uddf7- CompostApril 9, 2023 &#8211; April 10, 2023Find out more 15 July 2022L\u2019\u00e9t\u00e9 Sera Lons , Lons-le-Saunier (39)\ud83c\uddeb\ud83c\uddf7- Compost8:00 am &#8211; 5:00 pmFind out more 08 July 2022Ville de Aubervilliers , Aubervilliers (93)\ud83c\uddeb\ud83c\uddf7- Compost8:00 am &#8211; 5:00 pmFind out more 03 July 2022Cirque au Leon , Santec (29)\ud83c\uddeb\ud83c\uddf7- Compost8:00 am &#8211; 5:00 pmFind out more 27 June 2022Festival Bilboko Kalealdia , Bilbao\ud83c\uddea\ud83c\uddf8- Compost8:00 am &#8211; 5:00 pmFind out more 19 June 2022Garaion Sorgingunea , Otaza\ud83c\uddea\ud83c\uddf8- Compost8:00 am &#8211; 5:00 pmFind out more 09 July 2021CIAM Centre International des Arts en Mouvement , Aix en Provence (13)\ud83c\uddeb\ud83c\uddf7- Compost8:00 am &#8211; 5:00 pmFind out more 19 June 2021 &#8211; 20 June 2021Le Mans Fait Son Cirque , Le Mans (72)\ud83c\uddeb\ud83c\uddf7- CompostJune 19, 2021 &#8211; June 20, 2021Find out more 26 September 2020FestiWild , Sainte-Croix (26)\ud83c\uddeb\ud83c\uddf7- Compost8:00 am &#8211; 5:00 pmFind out more 24 September 2020Maison Rouge &#8211; Mus\u00e9e des Vall\u00e9es C\u00e9venoles , Saint-Jean-Du-Gard (30)\ud83c\uddeb\ud83c\uddf7- Compost8:00 am &#8211; 5:00 pmFind out more 29 August 2020 &#8211; 30 August 2020Festival Au Bon Coin &#8211; Pas Trop Loin de la Seine , Thomery (77)\ud83c\uddeb\ud83c\uddf7- CompostAugust 29, 2020 &#8211; August 30, 2020Find out more 02 August 2020Domaine de Chamarande , Chamarande (97)\ud83c\uddeb\ud83c\uddf7- Compost8:00 am &#8211; 5:00 pmFind out more 31 July 2020Ateliers Medicis , Clichy Sous Bois (93)\ud83c\uddeb\ud83c\uddf7- Compost8:00 am &#8211; 5:00 pmFind out more 28 July 2020Gennevilliers , Gennevilliers (92)\ud83c\uddeb\ud83c\uddf7- Compost8:00 am &#8211; 5:00 pmFind out more 23 July 2020 &#8211; 24 July 2020Jeudis du Parc #1 , Mulhouse (68)\ud83c\uddeb\ud83c\uddf7- CompostJuly 23, 2020 &#8211; July 24, 2020Find out more 19 July 2020Le Grange Dimiere &#8211; Theatre de Fresnes , Fresnes (94)\ud83c\uddeb\ud83c\uddf7- Compost8:00 am &#8211; 5:00 pmFind out more 17 July 2020 &#8211; 18 July 2020Zones Sensibles , Saint Denis (93)\ud83c\uddeb\ud83c\uddf7- CompostJuly 17, 2020 &#8211; July 18, 2020Find out more 18 January 2020Les Passerelles , Pontault-Combault (77)\ud83c\uddeb\ud83c\uddf7-<\/p>","protected":false},"author":1,"featured_media":0,"parent":0,"menu_order":0,"comment_status":"closed","ping_status":"closed","template":"elementor_header_footer","meta":{"inline_featured_image":false,"footnotes":""},"class_list":["post-196","page","type-page","status-publish","hentry","entry"],"yoast_head":"<!-- This site is optimized with the Yoast SEO plugin v23.6 - https:\/\/yoast.com\/wordpress\/plugins\/seo\/ -->\n<title>Calendar - Keep Company Circus<\/title>\n<meta name=\"description\" content=\"Learn about shows, performances and dates from Keep Company.\" \/>\n<meta name=\"robots\" content=\"index, follow, max-snippet:-1, max-image-preview:large, max-video-preview:-1\" \/>\n<link rel=\"canonical\" href=\"https:\/\/www.keepcompany.fr\/fr\/calendar\/\" \/>\n<meta property=\"og:locale\" content=\"fr_FR\" \/>\n<meta property=\"og:type\" content=\"article\" \/>\n<meta property=\"og:title\" content=\"Calendar - Keep Company Circus\" \/>\n<meta property=\"og:description\" content=\"Learn about shows, performances and dates from Keep Company.\" \/>\n<meta property=\"og:url\" content=\"https:\/\/www.keepcompany.fr\/fr\/calendar\/\" \/>\n<meta property=\"og:site_name\" content=\"Keep Company Circus\" \/>\n<meta property=\"article:modified_time\" content=\"2025-03-20T09:42:57+00:00\" \/>\n<meta name=\"twitter:card\" content=\"summary_large_image\" \/>\n<meta name=\"twitter:label1\" content=\"Dur\u00e9e de lecture estim\u00e9e\" \/>\n\t<meta name=\"twitter:data1\" content=\"21 minutes\" \/>\n<script type=\"application\/ld+json\" class=\"yoast-schema-graph\">{\"@context\":\"https:\/\/schema.org\",\"@graph\":[{\"@type\":\"WebPage\",\"@id\":\"https:\/\/www.keepcompany.fr\/calendar\/\",\"url\":\"https:\/\/www.keepcompany.fr\/calendar\/\",\"name\":\"Calendar - Keep Company Circus\",\"isPartOf\":{\"@id\":\"https:\/\/www.keepcompany.fr\/#website\"},\"datePublished\":\"2024-09-03T18:10:58+00:00\",\"dateModified\":\"2025-03-20T09:42:57+00:00\",\"description\":\"Learn about shows, performances and dates from Keep Company.\",\"breadcrumb\":{\"@id\":\"https:\/\/www.keepcompany.fr\/calendar\/#breadcrumb\"},\"inLanguage\":\"fr-FR\",\"potentialAction\":[{\"@type\":\"ReadAction\",\"target\":[\"https:\/\/www.keepcompany.fr\/calendar\/\"]}]},{\"@type\":\"BreadcrumbList\",\"@id\":\"https:\/\/www.keepcompany.fr\/calendar\/#breadcrumb\",\"itemListElement\":[{\"@type\":\"ListItem\",\"position\":1,\"name\":\"Home\",\"item\":\"https:\/\/www.keepcompany.fr\/\"},{\"@type\":\"ListItem\",\"position\":2,\"name\":\"Calendar\"}]},{\"@type\":\"WebSite\",\"@id\":\"https:\/\/www.keepcompany.fr\/#website\",\"url\":\"https:\/\/www.keepcompany.fr\/\",\"name\":\"Keep Company Circus\",\"description\":\"\",\"publisher\":{\"@id\":\"https:\/\/www.keepcompany.fr\/#organization\"},\"potentialAction\":[{\"@type\":\"SearchAction\",\"target\":{\"@type\":\"EntryPoint\",\"urlTemplate\":\"https:\/\/www.keepcompany.fr\/?s={search_term_string}\"},\"query-input\":{\"@type\":\"PropertyValueSpecification\",\"valueRequired\":true,\"valueName\":\"search_term_string\"}}],\"inLanguage\":\"fr-FR\"},{\"@type\":\"Organization\",\"@id\":\"https:\/\/www.keepcompany.fr\/#organization\",\"name\":\"Keep Company Circus\",\"url\":\"https:\/\/www.keepcompany.fr\/\",\"logo\":{\"@type\":\"ImageObject\",\"inLanguage\":\"fr-FR\",\"@id\":\"https:\/\/www.keepcompany.fr\/#\/schema\/logo\/image\/\",\"url\":\"https:\/\/www.keepcompany.fr\/wp-content\/uploads\/2024\/09\/logo.png\",\"contentUrl\":\"https:\/\/www.keepcompany.fr\/wp-content\/uploads\/2024\/09\/logo.png\",\"width\":156,\"height\":40,\"caption\":\"Keep Company Circus\"},\"image\":{\"@id\":\"https:\/\/www.keepcompany.fr\/#\/schema\/logo\/image\/\"}}]}<\/script>\n<!-- \/ Yoast SEO plugin. -->","yoast_head_json":{"title":"Calendar - Keep Company Circus","description":"Learn about shows, performances and dates from Keep Company.","robots":{"index":"index","follow":"follow","max-snippet":"max-snippet:-1","max-image-preview":"max-image-preview:large","max-video-preview":"max-video-preview:-1"},"canonical":"https:\/\/www.keepcompany.fr\/fr\/calendar\/","og_locale":"fr_FR","og_type":"article","og_title":"Calendar - Keep Company Circus","og_description":"Learn about shows, performances and dates from Keep Company.","og_url":"https:\/\/www.keepcompany.fr\/fr\/calendar\/","og_site_name":"Keep Company Circus","article_modified_time":"2025-03-20T09:42:57+00:00","twitter_card":"summary_large_image","twitter_misc":{"Dur\u00e9e de lecture estim\u00e9e":"21 minutes"},"schema":{"@context":"https:\/\/schema.org","@graph":[{"@type":"WebPage","@id":"https:\/\/www.keepcompany.fr\/calendar\/","url":"https:\/\/www.keepcompany.fr\/calendar\/","name":"Calendar - Keep Company Circus","isPartOf":{"@id":"https:\/\/www.keepcompany.fr\/#website"},"datePublished":"2024-09-03T18:10:58+00:00","dateModified":"2025-03-20T09:42:57+00:00","description":"Learn about shows, performances and dates from Keep Company.","breadcrumb":{"@id":"https:\/\/www.keepcompany.fr\/calendar\/#breadcrumb"},"inLanguage":"fr-FR","potentialAction":[{"@type":"ReadAction","target":["https:\/\/www.keepcompany.fr\/calendar\/"]}]},{"@type":"BreadcrumbList","@id":"https:\/\/www.keepcompany.fr\/calendar\/#breadcrumb","itemListElement":[{"@type":"ListItem","position":1,"name":"Home","item":"https:\/\/www.keepcompany.fr\/"},{"@type":"ListItem","position":2,"name":"Calendar"}]},{"@type":"WebSite","@id":"https:\/\/www.keepcompany.fr\/#website","url":"https:\/\/www.keepcompany.fr\/","name":"Keep Company Circus","description":"","publisher":{"@id":"https:\/\/www.keepcompany.fr\/#organization"},"potentialAction":[{"@type":"SearchAction","target":{"@type":"EntryPoint","urlTemplate":"https:\/\/www.keepcompany.fr\/?s={search_term_string}"},"query-input":{"@type":"PropertyValueSpecification","valueRequired":true,"valueName":"search_term_string"}}],"inLanguage":"fr-FR"},{"@type":"Organization","@id":"https:\/\/www.keepcompany.fr\/#organization","name":"Keep Company Circus","url":"https:\/\/www.keepcompany.fr\/","logo":{"@type":"ImageObject","inLanguage":"fr-FR","@id":"https:\/\/www.keepcompany.fr\/#\/schema\/logo\/image\/","url":"https:\/\/www.keepcompany.fr\/wp-content\/uploads\/2024\/09\/logo.png","contentUrl":"https:\/\/www.keepcompany.fr\/wp-content\/uploads\/2024\/09\/logo.png","width":156,"height":40,"caption":"Keep Company Circus"},"image":{"@id":"https:\/\/www.keepcompany.fr\/#\/schema\/logo\/image\/"}}]}},"_links":{"self":[{"href":"https:\/\/www.keepcompany.fr\/fr\/wp-json\/wp\/v2\/pages\/196","targetHints":{"allow":["GET"]}}],"collection":[{"href":"https:\/\/www.keepcompany.fr\/fr\/wp-json\/wp\/v2\/pages"}],"about":[{"href":"https:\/\/www.keepcompany.fr\/fr\/wp-json\/wp\/v2\/types\/page"}],"author":[{"embeddable":true,"href":"https:\/\/www.keepcompany.fr\/fr\/wp-json\/wp\/v2\/users\/1"}],"replies":[{"embeddable":true,"href":"https:\/\/www.keepcompany.fr\/fr\/wp-json\/wp\/v2\/comments?post=196"}],"version-history":[{"count":203,"href":"https:\/\/www.keepcompany.fr\/fr\/wp-json\/wp\/v2\/pages\/196\/revisions"}],"predecessor-version":[{"id":3714,"href":"https:\/\/www.keepcompany.fr\/fr\/wp-json\/wp\/v2\/pages\/196\/revisions\/3714"}],"wp:attachment":[{"href":"https:\/\/www.keepcompany.fr\/fr\/wp-json\/wp\/v2\/media?parent=196"}],"curies":[{"name":"wp","href":"https:\/\/api.w.org\/{rel}","templated":true}]}}